{"id":102,"date":"2024-03-20T19:42:18","date_gmt":"2024-03-20T18:42:18","guid":{"rendered":"https:\/\/www.bunadformenn.info\/p\/?post_type=podcast&#038;p=102"},"modified":"2024-03-31T14:36:38","modified_gmt":"2024-03-31T12:36:38","slug":"nordhordlandsbunad","status":"publish","type":"podcast","link":"https:\/\/www.bunadformenn.info\/p\/podcast\/nordhordlandsbunad\/","title":{"rendered":"09. Lytt til opprinnelsen av Nordhordlandsbunadens for herre fra tiden hvor nordmenn var erfarne sj\u00f8folk og soldater i en Europeisk stormakt"},"content":{"rendered":"\n<div class=\"wp-block-yoast-seo-table-of-contents yoast-table-of-contents\"><h2>Innholdsfortegnelse<\/h2><ul><li><a href=\"#h-sammendrag\" data-level=\"3\">Sammendrag<\/a><\/li><li><a href=\"#h-nordhordlandsbunad-for-herre-fra-tiden-hvor-vi-var-erfarne-sjofolk-og-soldater-i-en-europeisk-stormakt\" data-level=\"3\">Nordhordlandsbunad for herre fra tiden hvor vi var erfarne sj\u00f8folk og soldater i en Europeisk stormakt<\/a><ul><li><a href=\"#h-vest-og-jakke-uten-ermer-slatt-sammen-til-et-plagg-pa-nordhordlandsbunad-for-herre\" data-level=\"4\">Vest og jakke uten ermer sl\u00e5tt sammen til et plagg p\u00e5 nordhordlandsbunad for herre<\/a><\/li><li><a href=\"#h-nordhordlandsbunad-for-herre-har-egentlig-to-jakker-og-en-vest-utenpa-hverandre\" data-level=\"4\">Nordhordlandsbunad for herre har egentlig to jakker og en vest utenp\u00e5 hverandre<\/a><\/li><li><a href=\"#h-nordhordlandsbunad-for-herre-har-elementer-fra-orlogsuniform-fra-begynnelsen-av-attenhundretallet\" data-level=\"4\">Nordhordlandsbunad for herre har elementer fra orlogsuniform fra begynnelsen av attenhundretallet<\/a><\/li><li><a href=\"#h-viktig-a-rydde-opp-i-den-politiske-korrekthet\" data-level=\"4\">Viktig \u00e5 rydde opp i den politiske korrekthet<\/a><\/li><li><a href=\"#h-et-felles-dansknorsk-rike-la-grunnlaget-for-senere-storhet-som-sjofarts-nasjon\" data-level=\"4\">Et felles DanskNorsk rike la grunnlaget for senere storhet som sj\u00f8farts nasjon<\/a><\/li><\/ul><\/li><\/ul><\/div>\n\n\n\n<h3 class=\"wp-block-heading\" id=\"h-sammendrag\">Sammendrag<\/h3>\n\n\n\n<p>I denne episoden forteller vi om nordhordlandsbunaden. Nordhordlandsbunad for herre skiller seg ut fra andre bunader i denne delen av landet fordi den best\u00e5r av tre deler i steden for fire. Det er gjort ved at fronten p\u00e5 vesten er sydd slik at vesten ser ut som to plagg. Bunaden har mye felles med en orlogsuniform fra begynnelsen av attenhundretallet. Dette p\u00e5minner oss om at vi en gang var en del av det DanskNorske riket. Denne perioden la grunnlaget for v\u00e5r senere storhet som sj\u00f8fartsnasjon.<\/p>\n\n\n\n<h3 class=\"wp-block-heading\" id=\"h-nordhordlandsbunad-for-herre-fra-tiden-hvor-vi-var-erfarne-sjofolk-og-soldater-i-en-europeisk-stormakt\">Nordhordlandsbunad for herre fra tiden hvor vi var erfarne sj\u00f8folk og soldater i en Europeisk stormakt<\/h3>\n\n\n\n<p>Nordhordlandsbunad for herre har koblinger til b\u00e5de hav og forsvaret. En Nordhordlandsbunad minner oss om den tiden Norge var i union med Danmark og europeisk storpolitikk<\/p>\n\n\n\n<p>Nordhordlandsbunad for herre fra tiden hvor nordmenn var erfarne sj\u00f8folk og soldater i en Europeisk stormakt<\/p>\n\n\n\n<p>Herrebunad fra Nordhordland er en bunad som underbygget p\u00e5standen om at de fleste Norske bunader har opphav i tidligere milit\u00e6re uniformer.<\/p>\n\n\n\n<h4 class=\"wp-block-heading\" id=\"h-vest-og-jakke-uten-ermer-slatt-sammen-til-et-plagg-pa-nordhordlandsbunad-for-herre\">Vest og jakke uten ermer sl\u00e5tt sammen til et plagg p\u00e5 nordhordlandsbunad for herre<\/h4>\n\n\n\n<p>Nordhordlandsbunad for herre skiller seg ut fra andre bunader i denne delen av landet fordi den best\u00e5r av tre deler istedenfor fire. Nordhordlandsbunad for herre mangler den ene vesten som jeg har valgt \u00e5 kalle en jakke uten ermer. Denne jakken uten ermer er klassisk og inng\u00e5r i en rekke ulike milit\u00e6re uniformer. Jakke uten armer er selve bindeleddet mellom ulike Norske bunadene og tidligere milit\u00e6r bekledning.<\/p>\n\n\n\n<h4 class=\"wp-block-heading\" id=\"h-nordhordlandsbunad-for-herre-har-egentlig-to-jakker-og-en-vest-utenpa-hverandre\">Nordhordlandsbunad for herre har egentlig to jakker og en vest utenp\u00e5 hverandre<\/h4>\n\n\n\n<p>P\u00e5 Nordhordlandsbunad for herre er vest og jakke uten ermer sl\u00e5tt sammen til et plagg. Det er gjort ved at fronten p\u00e5 vesten er sydd slik at det ser ut som to plagg. En vest sammen med en jakke uten ermer. Bakstykket p\u00e5 plagget er sydd som en vest. Dette gj\u00f8r at bunaden gir inntrykk av \u00e5 best\u00e5 av tre deler i tillegg til buksen. Dette er identisk med Fanabunaden. Her har du p\u00e5 deg vest med jakke utenp\u00e5. N\u00e5r du tar av deg jakken er det imidlertid ingen tvil om at det er en vest.<\/p>\n\n\n\n<h4 class=\"wp-block-heading\" id=\"h-nordhordlandsbunad-for-herre-har-elementer-fra-orlogsuniform-fra-begynnelsen-av-attenhundretallet\">Nordhordlandsbunad for herre har elementer fra orlogsuniform fra begynnelsen av attenhundretallet<\/h4>\n\n\n\n<p>Min p\u00e5stand er her at Nordhordlandsbunad for herre er en orlogsuniform fra begynnelsen av attenhundretallet. Som en del av denne uniformen ble det brukt sj\u00f8mannsfrakk, jakke uten ermer og en vest. Ved rekonstruksjon av drakten har to av plaggene blitt sl\u00e5tt sammen til en vest.<\/p>\n\n\n\n<p>Nordhordlandsbunad for herre er utsatt for samme forenkling som andre bunader<br>Denne forandringen inng\u00e5r i en rekke av feil som er gjort ved rekonstruksjon av mange Norske bunader. Det skyldes etter mitt syn en rekke tilfeldigheter ved rekonstruksjon av mange Norske bunader.<\/p>\n\n\n\n<h4 class=\"wp-block-heading\" id=\"h-viktig-a-rydde-opp-i-den-politiske-korrekthet\">Viktig \u00e5 rydde opp i den politiske korrekthet<\/h4>\n\n\n\n<p>Igjen viser det seg at tilfeldigheter og motiver bak rekonstruksjon av ulike mannsdrakter har f\u00f8rt til at vi i Norge har et helt feil syn p\u00e5 hva de Norske mannsbunadene egentlig stammer fra. La oss v\u00e6re stolte over den unike Europeiske draktskikk vi har tatt vare p\u00e5. Denne skikken har vi gjort til v\u00e5re s\u00e6regne nasjonaldrakter. Det er for meg viktig \u00e5 rydde opp i den politiske korrekthet som har preget forskernes syn p\u00e5 hva Norske bunader opprinnelig stammer fra. Som Norsk mann er jeg stolt av v\u00e5r historie og mitt opphav. Jeg m\u00e5 innr\u00f8mme at det er spennende \u00e5 tenke p\u00e5 at v\u00e5re forfedre har v\u00e6rt en del av den felles Europeiske historie. Dette har formet det Europa vi kjenner i dag.<\/p>\n\n\n\n<h4 class=\"wp-block-heading\" id=\"h-et-felles-dansknorsk-rike-la-grunnlaget-for-senere-storhet-som-sjofarts-nasjon\">Et felles DanskNorsk rike la grunnlaget for senere storhet som sj\u00f8farts nasjon<\/h4>\n\n\n\n<p>Det er ikke noe \u00e5 skamme seg over at vi som en del av et felles DanskNorsk rike la grunnlaget for senere storhet som sj\u00f8farts nasjon. Det gjorde vi gjennom frakt av store mengder slaver under den Trans Atlantiske Slavehandel. Det er viktig \u00e5 huske at\u201d Nordmenn\u201d f\u00f8lte seg like Danske som folk fra Sj\u00e6lland, Fyn og Jylland. Det syn som har preget Norsk historie som g\u00e5r ut p\u00e5 at tiden sammen med Danmark var en firehundre\u00e5rs natt har ikke noe med virkeligheten \u00e5 gj\u00f8re. Tvert imot spilte Norske menn en viktig rolle ute i verden som erfarne sj\u00f8folk og soldater. Vi opererte p\u00e5 lik linje med menn fra andre Europeiske stormakter. Vi m\u00e5 slutte \u00e5 se p\u00e5 oss selv som husmenn langt oppe i nord som satt hjemme og sultet uten evne til \u00e5 reise ut og s\u00f8ke lykken under andre himmelstr\u00f8k.<\/p>\n","protected":false},"excerpt":{"rendered":"I denne episoden forteller vi om nordhordlandsbunaden. Nordhordlandsbunad for herre skiller seg ut fra andre bunader i denne delen av landet fordi den best\u00e5r av tre deler i steden for fire. Det er gjort ved at fronten p\u00e5 vesten er sydd slik at vesten ser ut som to plagg. Bunaden har mye felles med en orlogsuniform fra begynnelsen av attenhundretallet. Dette p\u00e5minner oss om at vi en gang var en del av det DanskNorske riket. Denne perioden la grunnlaget for v\u00e5r senere storhet som sj\u00f8fartsnasjon.\n","protected":false},"author":1,"featured_media":104,"menu_order":0,"comment_status":"closed","ping_status":"closed","template":"","meta":{"episode_type":"audio","audio_file":"https:\/\/anchor.fm\/s\/f054f7cc\/podcast\/play\/84293016\/https%3A%2F%2Fd3ctxlq1ktw2nl.cloudfront.net%2Fstaging%2F2024-2-20%2Fea8d01cc-9516-f598-1a0a-6fba05093874.mp3","transcript_file":"https:\/\/www.bunadformenn.info\/p\/wp-content\/uploads\/09-podcast-episode-.txt","podmotor_file_id":"","podmotor_episode_id":"","cover_image":"","cover_image_id":"","duration":"6:41","filesize":"6.63M","filesize_raw":"6948400","date_recorded":"2024-03-20 19:42:18","explicit":"","block":""},"tags":[114],"series":[113],"speaker":[109],"class_list":["post-102","podcast","type-podcast","status-publish","has-post-thumbnail","hentry","tag-bunadformenn","series-bunad-for-menn","speaker-henning-kumle"],"episode_featured_image":"https:\/\/www.bunadformenn.info\/p\/wp-content\/uploads\/09-3000x3000-liten--scaled.jpg","episode_player_image":"https:\/\/www.bunadformenn.info\/p\/wp-content\/uploads\/podcast-liten-filstorrelse-3000x3000--scaled.jpg","download_link":"https:\/\/media.blubrry.com\/bunadformenn\/dts.podtrac.com\/redirect.mp3\/www.bunadformenn.info\/p\/podcast-download\/102\/nordhordlandsbunad.mp3","player_link":"https:\/\/media.blubrry.com\/bunadformenn\/dts.podtrac.com\/redirect.mp3\/www.bunadformenn.info\/p\/podcast-player\/102\/nordhordlandsbunad.mp3","audio_player":"<audio class=\"wp-audio-shortcode\" id=\"audio-102-1\" preload=\"none\" style=\"width: 100%;\" controls=\"controls\"><source type=\"audio\/mpeg\" src=\"https:\/\/media.blubrry.com\/bunadformenn\/dts.podtrac.com\/redirect.mp3\/www.bunadformenn.info\/p\/podcast-player\/102\/nordhordlandsbunad.mp3?_=1\" \/><a href=\"https:\/\/media.blubrry.com\/bunadformenn\/dts.podtrac.com\/redirect.mp3\/www.bunadformenn.info\/p\/podcast-player\/102\/nordhordlandsbunad.mp3\">https:\/\/media.blubrry.com\/bunadformenn\/dts.podtrac.com\/redirect.mp3\/www.bunadformenn.info\/p\/podcast-player\/102\/nordhordlandsbunad.mp3<\/a><\/audio>","episode_data":{"playerMode":"light","subscribeUrls":{"acast":{"key":"acast","url":"","label":"Acast","class":"acast","icon":"acast.png"},"amazon":{"key":"amazon","url":"https:\/\/music.amazon.de\/podcasts\/7de09389-5c5a-43ea-8e2d-c186982c6413\/bunad-for-menn","label":"Amazon","class":"amazon","icon":"amazon.png"},"anchor":{"key":"anchor","url":"","label":"Anchor","class":"anchor","icon":"anchor.png"},"audible":{"key":"audible","url":"","label":"Audible","class":"audible","icon":"audible.png"},"apple_podcasts":{"key":"apple_podcasts","url":"https:\/\/podcasts.apple.com\/us\/podcast\/bunadformenn-no\/id1736927514","label":"Apple Podcasts","class":"apple_podcasts","icon":"apple-podcasts.png"},"blubrry":{"key":"blubrry","url":"","label":"Blubrry","class":"blubrry","icon":"blubrry.png"},"breaker":{"key":"breaker","url":"","label":"Breaker","class":"breaker","icon":"breaker.png"},"bullhorn":{"key":"bullhorn","url":"","label":"Bullhorn","class":"bullhorn","icon":"bullhorn.png"},"castbox":{"key":"castbox","url":"https:\/\/castbox.fm\/ch\/6082552","label":"CastBox","class":"castbox","icon":"castbox.png"},"castro":{"key":"castro","url":"","label":"Castro","class":"castro","icon":"castro.png"},"clammr":{"key":"clammr","url":"","label":"Clammr","class":"clammr","icon":"clammr.png"},"deezer":{"key":"deezer","url":"","label":"Deezer","class":"deezer","icon":"deezer.png"},"downcast":{"key":"downcast","url":"","label":"Downcast","class":"downcast","icon":"downcast.png"},"google_play":{"key":"google_play","url":"","label":"Google Play","class":"google_play","icon":"google-play.png"},"google_podcasts":{"key":"google_podcasts","url":"","label":"Google Podcasts","class":"google_podcasts","icon":"google-podcasts.png"},"himalaya_com":{"key":"himalaya_com","url":"","label":"Himalaya.com","class":"himalaya_com","icon":"himalaya-com.png"},"laughable":{"key":"laughable","url":"","label":"Laughable","class":"laughable","icon":"laughable.png"},"libsyn":{"key":"libsyn","url":"","label":"Libsyn","class":"libsyn","icon":"libsyn.png"},"listen_notes":{"key":"listen_notes","url":"","label":"Listen Notes","class":"listen_notes","icon":"listen-notes.png"},"miro":{"key":"miro","url":"","label":"Miro","class":"miro","icon":"miro.png"},"mixcloud":{"key":"mixcloud","url":"","label":"MixCloud","class":"mixcloud","icon":"mixcloud.png"},"overcast":{"key":"overcast","url":"https:\/\/overcast.fm\/itunes1724334067","label":"Overcast","class":"overcast","icon":"overcast.png"},"owltail":{"key":"owltail","url":"","label":"OwlTail","class":"owltail","icon":"owltail.png"},"pandora":{"key":"pandora","url":"https:\/\/www.pandora.com\/podcast\/bunad-for-menn\/PC:1001082992","label":"Pandora","class":"pandora","icon":"pandora.png"},"player_fm":{"key":"player_fm","url":"","label":"Player.fm","class":"player_fm","icon":"player-fm.png"},"plex":{"key":"plex","url":"","label":"Plex","class":"plex","icon":"plex.png"},"pocketcasts":{"key":"pocketcasts","url":"https:\/\/pca.st\/jsl76rd5","label":"PocketCasts","class":"pocketcasts","icon":"pocketcasts.png"},"podbay":{"key":"podbay","url":"","label":"Podbay","class":"podbay","icon":"podbay.png"},"podbean":{"key":"podbean","url":"","label":"Podbean","class":"podbean","icon":"podbean.png"},"podcast_addict":{"key":"podcast_addict","url":"","label":"Podcast Addict","class":"podcast_addict","icon":"podcast-addict.png"},"podcast_republic":{"key":"podcast_republic","url":"","label":"Podcast Republic","class":"podcast_republic","icon":"podcast-republic.png"},"podcast_de":{"key":"podcast_de","url":"","label":"Podcast.de","class":"podcast_de","icon":"podcast-de.png"},"podchaser":{"key":"podchaser","url":"https:\/\/www.podchaser.com\/podcasts\/bunad-for-menn-5583945","label":"Podchaser","class":"podchaser","icon":"podchaser.png"},"podcoin":{"key":"podcoin","url":"","label":"Podcoin","class":"podcoin","icon":"podcoin.png"},"podfan":{"key":"podfan","url":"","label":"Podfan","class":"podfan","icon":"podfan.png"},"podkicker":{"key":"podkicker","url":"","label":"Podkicker","class":"podkicker","icon":"podkicker.png"},"podknife":{"key":"podknife","url":"","label":"Podknife","class":"podknife","icon":"podknife.png"},"podtail":{"key":"podtail","url":"","label":"Podtail","class":"podtail","icon":"podtail.png"},"rss":{"key":"rss","url":"https:\/\/www.bunadformenn.info\/p\/feed\/podcast\/bunad-for-menn\/","label":"RSS","class":"rss","icon":"rss.png"},"rssradio":{"key":"rssradio","url":"","label":"RSSRadio","class":"rssradio","icon":"rssradio.png"},"radio_public":{"key":"radio_public","url":"https:\/\/radiopublic.com\/bunad-for-menn-WRnZB3","label":"Radio Public","class":"radio_public","icon":"radio-public.png"},"radio_com":{"key":"radio_com","url":"","label":"Radio.com","class":"radio_com","icon":"radio-com.png"},"redcircle":{"key":"redcircle","url":"","label":"RedCircle","class":"redcircle","icon":"redcircle.png"},"soundcloud":{"key":"soundcloud","url":"","label":"SoundCloud","class":"soundcloud","icon":"soundcloud.png"},"spotify":{"key":"spotify","url":"https:\/\/open.spotify.com\/show\/7mlpTNC3MVy8iUnq6KFtAX","label":"Spotify","class":"spotify","icon":"spotify.png"},"spreaker":{"key":"spreaker","url":"","label":"Spreaker","class":"spreaker","icon":"spreaker.png"},"stitcher":{"key":"stitcher","url":"https:\/\/www.stitcher.com\/show\/1082992","label":"Stitcher","class":"stitcher","icon":"stitcher.png"},"the_podcast_app":{"key":"the_podcast_app","url":"","label":"The Podcast App","class":"the_podcast_app","icon":"the-podcast-app.png"},"tunein":{"key":"tunein","url":"","label":"TuneIn","class":"tunein","icon":"tunein.png"},"vkontakte":{"key":"vkontakte","url":"","label":"VKontakte","class":"vkontakte","icon":"vkontakte.png"},"we_fo":{"key":"we_fo","url":"","label":"We.fo","class":"we_fo","icon":"we-fo.png"},"youtube":{"key":"youtube","url":"https:\/\/www.youtube.com\/playlist?list=PLO1blKpWD_EfoKw9EKylp10xMCpcaEsjb","label":"YouTube","class":"youtube","icon":"youtube.png"},"custom":{"key":"custom","url":"https:\/\/www.bunadformenn.info\/p\/podcast\/","label":"custom","class":"custom","icon":"custom.png"},"fyyd_de":{"key":"fyyd_de","url":"","label":"fyyd.de","class":"fyyd_de","icon":"fyyd-de.png"},"iheartradio":{"key":"iheartradio","url":"","label":"iHeartRadio","class":"iheartradio","icon":"iheartradio.png"},"itunes":{"key":"itunes","url":"","label":"iTunes","class":"itunes","icon":"itunes.png"},"ivoox":{"key":"ivoox","url":"","label":"iVoox","class":"ivoox","icon":"ivoox.png"},"mytuner_radio":{"key":"mytuner_radio","url":"","label":"myTuner Radio","class":"mytuner_radio","icon":"mytuner-radio.png"}},"rssFeedUrl":"https:\/\/www.bunadformenn.info\/p\/feed\/podcast\/bunad-for-menn","embedCode":"<blockquote class=\"wp-embedded-content\" data-secret=\"bvNhq2GtXJ\"><a href=\"https:\/\/www.bunadformenn.info\/p\/podcast\/nordhordlandsbunad\/\">09. Lytt til opprinnelsen av Nordhordlandsbunadens for herre fra tiden hvor nordmenn var erfarne sj\u00f8folk og soldater i en Europeisk stormakt<\/a><\/blockquote><iframe sandbox=\"allow-scripts\" security=\"restricted\" src=\"https:\/\/www.bunadformenn.info\/p\/podcast\/nordhordlandsbunad\/embed\/#?secret=bvNhq2GtXJ\" width=\"500\" height=\"350\" title=\"&laquo;09. Lytt til opprinnelsen av Nordhordlandsbunadens for herre fra tiden hvor nordmenn var erfarne sj\u00f8folk og soldater i en Europeisk stormakt&raquo; &#8212; Bunad For Menn har podkast\" data-secret=\"bvNhq2GtXJ\" frameborder=\"0\" marginwidth=\"0\" marginheight=\"0\" scrolling=\"no\" class=\"wp-embedded-content\"><\/iframe><script>\n\/*! This file is auto-generated *\/\n!function(d,l){\"use strict\";l.querySelector&&d.addEventListener&&\"undefined\"!=typeof URL&&(d.wp=d.wp||{},d.wp.receiveEmbedMessage||(d.wp.receiveEmbedMessage=function(e){var t=e.data;if((t||t.secret||t.message||t.value)&&!\/[^a-zA-Z0-9]\/.test(t.secret)){for(var s,r,n,a=l.querySelectorAll('iframe[data-secret=\"'+t.secret+'\"]'),o=l.querySelectorAll('blockquote[data-secret=\"'+t.secret+'\"]'),c=new RegExp(\"^https?:$\",\"i\"),i=0;i<o.length;i++)o[i].style.display=\"none\";for(i=0;i<a.length;i++)s=a[i],e.source===s.contentWindow&&(s.removeAttribute(\"style\"),\"height\"===t.message?(1e3<(r=parseInt(t.value,10))?r=1e3:~~r<200&&(r=200),s.height=r):\"link\"===t.message&&(r=new URL(s.getAttribute(\"src\")),n=new URL(t.value),c.test(n.protocol))&&n.host===r.host&&l.activeElement===s&&(d.top.location.href=t.value))}},d.addEventListener(\"message\",d.wp.receiveEmbedMessage,!1),l.addEventListener(\"DOMContentLoaded\",function(){for(var e,t,s=l.querySelectorAll(\"iframe.wp-embedded-content\"),r=0;r<s.length;r++)(t=(e=s[r]).getAttribute(\"data-secret\"))||(t=Math.random().toString(36).substring(2,12),e.src+=\"#?secret=\"+t,e.setAttribute(\"data-secret\",t)),e.contentWindow.postMessage({message:\"ready\",secret:t},\"*\")},!1)))}(window,document);\n\/\/# sourceURL=https:\/\/www.bunadformenn.info\/p\/wp-includes\/js\/wp-embed.min.js\n<\/script>\n"},"yoast_head":"<!-- This site is optimized with the Yoast SEO Premium plugin v22.3 (Yoast SEO v27.4) - https:\/\/yoast.com\/product\/yoast-seo-premium-wordpress\/ -->\n<title>Nordhordlandsbunad<\/title>\n<meta name=\"description\" content=\"Nordhordlandsbunad\" \/>\n<meta name=\"robots\" content=\"index, follow, max-snippet:-1, max-image-preview:large, max-video-preview:-1\" \/>\n<link rel=\"canonical\" href=\"https:\/\/www.bunadformenn.info\/p\/podcast\/nordhordlandsbunad\/\" \/>\n<meta property=\"og:locale\" content=\"nb_NO\" \/>\n<meta property=\"og:type\" content=\"article\" \/>\n<meta property=\"og:title\" content=\"09. Lytt til opprinnelsen av Nordhordlandsbunadens for herre fra tiden hvor nordmenn var erfarne sj\u00f8folk og soldater i en Europeisk stormakt\" \/>\n<meta property=\"og:description\" content=\"Nordhordlandsbunad\" \/>\n<meta property=\"og:url\" content=\"https:\/\/www.bunadformenn.info\/p\/podcast\/nordhordlandsbunad\/\" \/>\n<meta property=\"og:site_name\" content=\"Bunad For Menn har podkast\" \/>\n<meta property=\"article:modified_time\" content=\"2024-03-31T12:36:38+00:00\" \/>\n<meta property=\"og:image\" content=\"https:\/\/www.bunadformenn.info\/p\/wp-content\/uploads\/09-3000x3000-liten--scaled.jpg\" \/>\n\t<meta property=\"og:image:width\" content=\"2560\" \/>\n\t<meta property=\"og:image:height\" content=\"2560\" \/>\n\t<meta property=\"og:image:type\" content=\"image\/jpeg\" \/>\n<meta name=\"twitter:card\" content=\"summary_large_image\" \/>\n<meta name=\"twitter:label1\" content=\"Ansl. lesetid\" \/>\n\t<meta name=\"twitter:data1\" content=\"5 minutter\" \/>\n<!-- \/ Yoast SEO Premium plugin. -->","yoast_head_json":{"title":"Nordhordlandsbunad","description":"Nordhordlandsbunad","robots":{"index":"index","follow":"follow","max-snippet":"max-snippet:-1","max-image-preview":"max-image-preview:large","max-video-preview":"max-video-preview:-1"},"canonical":"https:\/\/www.bunadformenn.info\/p\/podcast\/nordhordlandsbunad\/","og_locale":"nb_NO","og_type":"article","og_title":"09. Lytt til opprinnelsen av Nordhordlandsbunadens for herre fra tiden hvor nordmenn var erfarne sj\u00f8folk og soldater i en Europeisk stormakt","og_description":"Nordhordlandsbunad","og_url":"https:\/\/www.bunadformenn.info\/p\/podcast\/nordhordlandsbunad\/","og_site_name":"Bunad For Menn har podkast","article_modified_time":"2024-03-31T12:36:38+00:00","og_image":[{"width":2560,"height":2560,"url":"https:\/\/www.bunadformenn.info\/p\/wp-content\/uploads\/09-3000x3000-liten--scaled.jpg","type":"image\/jpeg"}],"twitter_card":"summary_large_image","twitter_misc":{"Ansl. lesetid":"5 minutter"},"schema":{"@context":"https:\/\/schema.org","@graph":[{"@type":"WebPage","@id":"https:\/\/www.bunadformenn.info\/p\/podcast\/nordhordlandsbunad\/","url":"https:\/\/www.bunadformenn.info\/p\/podcast\/nordhordlandsbunad\/","name":"Nordhordlandsbunad","isPartOf":{"@id":"https:\/\/www.bunadformenn.info\/p\/#website"},"primaryImageOfPage":{"@id":"https:\/\/www.bunadformenn.info\/p\/podcast\/nordhordlandsbunad\/#primaryimage"},"image":{"@id":"https:\/\/www.bunadformenn.info\/p\/podcast\/nordhordlandsbunad\/#primaryimage"},"thumbnailUrl":"https:\/\/www.bunadformenn.info\/p\/wp-content\/uploads\/09-3000x3000-liten--scaled.jpg","datePublished":"2024-03-20T18:42:18+00:00","dateModified":"2024-03-31T12:36:38+00:00","description":"Nordhordlandsbunad","breadcrumb":{"@id":"https:\/\/www.bunadformenn.info\/p\/podcast\/nordhordlandsbunad\/#breadcrumb"},"inLanguage":"nb-NO","potentialAction":[{"@type":"ReadAction","target":["https:\/\/www.bunadformenn.info\/p\/podcast\/nordhordlandsbunad\/"]}],"accessibilityFeature":["tableOfContents"]},{"@type":"ImageObject","inLanguage":"nb-NO","@id":"https:\/\/www.bunadformenn.info\/p\/podcast\/nordhordlandsbunad\/#primaryimage","url":"https:\/\/www.bunadformenn.info\/p\/wp-content\/uploads\/09-3000x3000-liten--scaled.jpg","contentUrl":"https:\/\/www.bunadformenn.info\/p\/wp-content\/uploads\/09-3000x3000-liten--scaled.jpg","width":2560,"height":2560,"caption":"bfm09.mp3"},{"@type":"BreadcrumbList","@id":"https:\/\/www.bunadformenn.info\/p\/podcast\/nordhordlandsbunad\/#breadcrumb","itemListElement":[{"@type":"ListItem","position":1,"name":"Home","item":"https:\/\/www.bunadformenn.info\/p\/"},{"@type":"ListItem","position":2,"name":"Episode","item":"https:\/\/www.bunadformenn.info\/p\/podcast\/"},{"@type":"ListItem","position":3,"name":"09. Lytt til opprinnelsen av Nordhordlandsbunadens for herre fra tiden hvor nordmenn var erfarne sj\u00f8folk og soldater i en Europeisk stormakt"}]},{"@type":"WebSite","@id":"https:\/\/www.bunadformenn.info\/p\/#website","url":"https:\/\/www.bunadformenn.info\/p\/","name":"Bunad For Menn har podkast","description":"F\u00e5 tips og r\u00e5d om bunad til herre. La historiker Henning Kumle underholde deg med historie om opprinnelsen til bunaden.","potentialAction":[{"@type":"SearchAction","target":{"@type":"EntryPoint","urlTemplate":"https:\/\/www.bunadformenn.info\/p\/?s={search_term_string}"},"query-input":{"@type":"PropertyValueSpecification","valueRequired":true,"valueName":"search_term_string"}}],"inLanguage":"nb-NO"}]}},"_links":{"self":[{"href":"https:\/\/www.bunadformenn.info\/p\/wp-json\/wp\/v2\/podcast\/102","targetHints":{"allow":["GET"]}}],"collection":[{"href":"https:\/\/www.bunadformenn.info\/p\/wp-json\/wp\/v2\/podcast"}],"about":[{"href":"https:\/\/www.bunadformenn.info\/p\/wp-json\/wp\/v2\/types\/podcast"}],"author":[{"embeddable":true,"href":"https:\/\/www.bunadformenn.info\/p\/wp-json\/wp\/v2\/users\/1"}],"replies":[{"embeddable":true,"href":"https:\/\/www.bunadformenn.info\/p\/wp-json\/wp\/v2\/comments?post=102"}],"wp:featuredmedia":[{"embeddable":true,"href":"https:\/\/www.bunadformenn.info\/p\/wp-json\/wp\/v2\/media\/104"}],"wp:attachment":[{"href":"https:\/\/www.bunadformenn.info\/p\/wp-json\/wp\/v2\/media?parent=102"}],"wp:term":[{"taxonomy":"post_tag","embeddable":true,"href":"https:\/\/www.bunadformenn.info\/p\/wp-json\/wp\/v2\/tags?post=102"},{"taxonomy":"series","embeddable":true,"href":"https:\/\/www.bunadformenn.info\/p\/wp-json\/wp\/v2\/series?post=102"},{"taxonomy":"speaker","embeddable":true,"href":"https:\/\/www.bunadformenn.info\/p\/wp-json\/wp\/v2\/speaker?post=102"}],"curies":[{"name":"wp","href":"https:\/\/api.w.org\/{rel}","templated":true}]}}