{"id":117,"date":"2024-03-20T20:24:42","date_gmt":"2024-03-20T19:24:42","guid":{"rendered":"https:\/\/www.bunadformenn.info\/p\/?post_type=podcast&#038;p=117"},"modified":"2024-03-31T14:38:47","modified_gmt":"2024-03-31T12:38:47","slug":"telemarkbunad","status":"publish","type":"podcast","link":"https:\/\/www.bunadformenn.info\/p\/podcast\/telemarkbunad\/","title":{"rendered":"14. H\u00f8r fortellingen om koblingen mellom herrebunad fra \u00d8st-Telemark og den franske fremmedlegionens erobring av Algerie og Marokko"},"content":{"rendered":"\n<div class=\"wp-block-yoast-seo-table-of-contents yoast-table-of-contents\"><h2>Innholdsfortegnelse<\/h2><ul><li><a href=\"#h-sammendrag\" data-level=\"3\">Sammendrag<\/a><\/li><li><a href=\"#h-en-tidligere-fransk-militaer-uniform\" data-level=\"3\">En tidligere fransk milit\u00e6r uniform<\/a><\/li><li><a href=\"#h-1-million-arbeidsledige-leiesoldater\" data-level=\"3\">1 million arbeidsledige leiesoldater<\/a><\/li><li><a href=\"#h-bortfort-naermere-tre-millioner-kristne-europeere\" data-level=\"3\">Bortf\u00f8rt n\u00e6rmere tre millioner kristne europeere<\/a><\/li><li><a href=\"#h-cristian-kvart-opprettet-en-egen-slavekasse\" data-level=\"3\">Cristian Kvart opprettet en egen slavekasse<\/a><\/li><li><a href=\"#h-beregnet-pa-krigforing-i-vest-afrika\" data-level=\"3\">Beregnet p\u00e5 krigf\u00f8ring i Vest-Afrika<\/a><\/li><\/ul><\/div>\n\n\n\n<h3 class=\"wp-block-heading\" id=\"h-sammendrag\">Sammendrag<\/h3>\n\n\n\n<p>I denne episoden forteller vi om \u00d8st-Telemark bunaden til mann. Vi forteller om bunadens p\u00e5virkning fra afrikauniformen til den franske fremmedlegionen i attentrettien. Lytt til koblingen til Frankrikes erobring av Algerie og Marokko, arabiske sj\u00f8r\u00f8vere samt bortf\u00f8ringen av tre millioner kristne.<\/p>\n\n\n\n<p>\u00d8st-Telemark bunaden har mye felles med afrikauniformen til den franske fremmedlegionen i attentrettien av gode grunner.<\/p>\n\n\n\n<h3 class=\"wp-block-heading\" id=\"h-en-tidligere-fransk-militaer-uniform\">En tidligere fransk milit\u00e6r uniform<\/h3>\n\n\n\n<p>Bunaden er et plagg som mange forbinder med noe av det mest norske som er \u00e5 oppdrive innen bunad og folkedrakt tradisjon. \u00d8stTelemark bunaden har opphav i en tidligere fransk milit\u00e6r uniform fra begynnelsen av attenhundretallet. Helt frem til attentretti kunne leiesoldater tjenestegj\u00f8re i den franske h\u00e6r. Etter at Frankrike innf\u00f8rte et forbud mot utenlandske leiesoldater i attentretti opplevde man at det samlet seg store grupper av arbeidsl\u00f8se leiesoldater s\u00f8r i landet.<\/p>\n\n\n\n<h3 class=\"wp-block-heading\" id=\"h-1-million-arbeidsledige-leiesoldater\">1 million arbeidsledige leiesoldater<\/h3>\n\n\n\n<p>Det antas at det kan ha v\u00e6rt i underkant av 1 million arbeidsledige leiesoldater som streifet rundt i landet p\u00e5 ny\u00e5ret attentrettien. Mange steder i Frankrike begynte disse grupper av sultne arbeidsledige soldater \u00e5 la sin frustrasjon g\u00e5 utover lokalbefolkningen. Frykten for oppt\u00f8yer var stor, og det ble vedtatt at det skulle opprettes en egen h\u00e6ravdeling for utlendingene som skulle brukes til \u00e5 erobre Algerie og Marokko. I Europa var befolkningen langs kysten til stadighet utsatt for arabiske sj\u00f8r\u00f8vere og deres grusomheter.<\/p>\n\n\n\n<h3 class=\"wp-block-heading\" id=\"h-bortfort-naermere-tre-millioner-kristne-europeere\">Bortf\u00f8rt n\u00e6rmere tre millioner kristne europeere<\/h3>\n\n\n\n<p>Muslimene hadde siden sekstenhundretallet bortf\u00f8rt n\u00e6rmere tre millioner kristne europeere og gjort dem til slaver. Frykten for \u00e5 ende som slave i Algerie og Marokko var alle europeiske sj\u00f8folks verste mareritt. Vi har de mest utrolige beretninger om hvilke grusomheter som kunne ramme den som var s\u00e5 uheldig \u00e5 havne som galeislave hos muslimske pirater i Middelhavet.<\/p>\n\n\n\n<h3 class=\"wp-block-heading\" id=\"h-cristian-kvart-opprettet-en-egen-slavekasse\">Cristian Kvart opprettet en egen slavekasse<\/h3>\n\n\n\n<p>I DanmarkNorge opprettet Cristian Kvart en egen slavekasse som hadde til form\u00e5l \u00e5 kj\u00f8pe fri DanskNorske sj\u00f8folk som var tatt til fange av muslimske pirater. Slavemarkedene i Algerie og Marokko vitner om en utstrakt menneskehandel hvor prisen for dyktige europeiske sj\u00f8folk og unge kvinner var sv\u00e6rt h\u00f8y. Det hersker ingen tvil om at det s\u00e5 sent som p\u00e5 attenf\u00f8rtitallet herjet marokkanske pirater helt opp til Island. Det synes derfor ikke s\u00e5 underlig at nettopp \u00d8st-Telemark bunaden for menn har mange felles likheter med den uniformen soldater i andre REI ble utstyrt med i attentrettien.<\/p>\n\n\n\n<h3 class=\"wp-block-heading\" id=\"h-beregnet-pa-krigforing-i-vest-afrika\">Beregnet p\u00e5 krigf\u00f8ring i Vest-Afrika<\/h3>\n\n\n\n<p>Andre REI var et fransk regiment beregnet p\u00e5 krigf\u00f8ring i Vest-Afrika. Regimentet bestod av soldater fra ulike europeiske land og innbefattet tidligere leieh\u00e6rer fra hele Europa. Det er ikke vanskelig \u00e5 tenke seg hvilken heltestatus disse tapre soldater oppn\u00e5dde ved \u00e5 sette liv og helse p\u00e5 spill i kampen mot muslimene som herjet Europas kyster. Ingen hvit mann eller kvinne kunne f\u00f8le seg trygg f\u00f8r de muslimske sj\u00f8r\u00f8verne var utryddet. \u00d8stTelemark bunaden for menn er et viktig vitnesbyrd om at ogs\u00e5 norske menn deltok i kampen mot disse barbariske sj\u00f8r\u00f8vere og bidro til at befolkningen langs kysten av Europa kunne leve et liv uten frykt for \u00e5 havne i \u201dhelvetes forg\u00e5rd\u201d som slave hos muslimene i Vest-Afrika. S\u00e5 n\u00e5 vet du mer om inspirasjonen og opphavet til \u00d8st-Telemark bunaden.<\/p>\n","protected":false},"excerpt":{"rendered":"I denne episoden forteller vi om \u00d8st-Telemark bunaden til mann. Vi forteller om bunadens p\u00e5virkning fra afrikauniformen til den franske fremmedlegionen i attentrettien. Lytt til koblingen til Frankrikes erobring av Algerie og Marokko, arabiske sj\u00f8r\u00f8vere samt bortf\u00f8ringen av tre millioner kristne.","protected":false},"author":1,"featured_media":119,"menu_order":0,"comment_status":"closed","ping_status":"closed","template":"","meta":{"episode_type":"audio","audio_file":"https:\/\/anchor.fm\/s\/f054f7cc\/podcast\/play\/84293360\/https%3A%2F%2Fd3ctxlq1ktw2nl.cloudfront.net%2Fstaging%2F2024-2-20%2F986a7105-3645-84d3-06fd-1b15438bd9f9.mp3","transcript_file":"https:\/\/www.bunadformenn.info\/p\/wp-content\/uploads\/14-podcast-episode-.txt","podmotor_file_id":"","podmotor_episode_id":"","cover_image":"","cover_image_id":"","duration":"6:05","filesize":"5.74M","filesize_raw":"6013763","date_recorded":"2024-03-20 20:24:42","explicit":"","block":""},"tags":[114],"series":[113],"speaker":[109],"class_list":["post-117","podcast","type-podcast","status-publish","has-post-thumbnail","hentry","tag-bunadformenn","series-bunad-for-menn","speaker-henning-kumle"],"episode_featured_image":"https:\/\/www.bunadformenn.info\/p\/wp-content\/uploads\/14-3000x3000-liten--scaled.jpg","episode_player_image":"https:\/\/www.bunadformenn.info\/p\/wp-content\/uploads\/podcast-liten-filstorrelse-3000x3000--scaled.jpg","download_link":"https:\/\/media.blubrry.com\/bunadformenn\/dts.podtrac.com\/redirect.mp3\/www.bunadformenn.info\/p\/podcast-download\/117\/telemarkbunad.mp3","player_link":"https:\/\/media.blubrry.com\/bunadformenn\/dts.podtrac.com\/redirect.mp3\/www.bunadformenn.info\/p\/podcast-player\/117\/telemarkbunad.mp3","audio_player":"<audio class=\"wp-audio-shortcode\" id=\"audio-117-1\" preload=\"none\" style=\"width: 100%;\" controls=\"controls\"><source type=\"audio\/mpeg\" src=\"https:\/\/media.blubrry.com\/bunadformenn\/dts.podtrac.com\/redirect.mp3\/www.bunadformenn.info\/p\/podcast-player\/117\/telemarkbunad.mp3?_=1\" \/><a href=\"https:\/\/media.blubrry.com\/bunadformenn\/dts.podtrac.com\/redirect.mp3\/www.bunadformenn.info\/p\/podcast-player\/117\/telemarkbunad.mp3\">https:\/\/media.blubrry.com\/bunadformenn\/dts.podtrac.com\/redirect.mp3\/www.bunadformenn.info\/p\/podcast-player\/117\/telemarkbunad.mp3<\/a><\/audio>","episode_data":{"playerMode":"light","subscribeUrls":{"acast":{"key":"acast","url":"","label":"Acast","class":"acast","icon":"acast.png"},"amazon":{"key":"amazon","url":"https:\/\/music.amazon.de\/podcasts\/7de09389-5c5a-43ea-8e2d-c186982c6413\/bunad-for-menn","label":"Amazon","class":"amazon","icon":"amazon.png"},"anchor":{"key":"anchor","url":"","label":"Anchor","class":"anchor","icon":"anchor.png"},"audible":{"key":"audible","url":"","label":"Audible","class":"audible","icon":"audible.png"},"apple_podcasts":{"key":"apple_podcasts","url":"https:\/\/podcasts.apple.com\/us\/podcast\/bunadformenn-no\/id1736927514","label":"Apple Podcasts","class":"apple_podcasts","icon":"apple-podcasts.png"},"blubrry":{"key":"blubrry","url":"","label":"Blubrry","class":"blubrry","icon":"blubrry.png"},"breaker":{"key":"breaker","url":"","label":"Breaker","class":"breaker","icon":"breaker.png"},"bullhorn":{"key":"bullhorn","url":"","label":"Bullhorn","class":"bullhorn","icon":"bullhorn.png"},"castbox":{"key":"castbox","url":"https:\/\/castbox.fm\/ch\/6082552","label":"CastBox","class":"castbox","icon":"castbox.png"},"castro":{"key":"castro","url":"","label":"Castro","class":"castro","icon":"castro.png"},"clammr":{"key":"clammr","url":"","label":"Clammr","class":"clammr","icon":"clammr.png"},"deezer":{"key":"deezer","url":"","label":"Deezer","class":"deezer","icon":"deezer.png"},"downcast":{"key":"downcast","url":"","label":"Downcast","class":"downcast","icon":"downcast.png"},"google_play":{"key":"google_play","url":"","label":"Google Play","class":"google_play","icon":"google-play.png"},"google_podcasts":{"key":"google_podcasts","url":"","label":"Google Podcasts","class":"google_podcasts","icon":"google-podcasts.png"},"himalaya_com":{"key":"himalaya_com","url":"","label":"Himalaya.com","class":"himalaya_com","icon":"himalaya-com.png"},"laughable":{"key":"laughable","url":"","label":"Laughable","class":"laughable","icon":"laughable.png"},"libsyn":{"key":"libsyn","url":"","label":"Libsyn","class":"libsyn","icon":"libsyn.png"},"listen_notes":{"key":"listen_notes","url":"","label":"Listen Notes","class":"listen_notes","icon":"listen-notes.png"},"miro":{"key":"miro","url":"","label":"Miro","class":"miro","icon":"miro.png"},"mixcloud":{"key":"mixcloud","url":"","label":"MixCloud","class":"mixcloud","icon":"mixcloud.png"},"overcast":{"key":"overcast","url":"https:\/\/overcast.fm\/itunes1724334067","label":"Overcast","class":"overcast","icon":"overcast.png"},"owltail":{"key":"owltail","url":"","label":"OwlTail","class":"owltail","icon":"owltail.png"},"pandora":{"key":"pandora","url":"https:\/\/www.pandora.com\/podcast\/bunad-for-menn\/PC:1001082992","label":"Pandora","class":"pandora","icon":"pandora.png"},"player_fm":{"key":"player_fm","url":"","label":"Player.fm","class":"player_fm","icon":"player-fm.png"},"plex":{"key":"plex","url":"","label":"Plex","class":"plex","icon":"plex.png"},"pocketcasts":{"key":"pocketcasts","url":"https:\/\/pca.st\/jsl76rd5","label":"PocketCasts","class":"pocketcasts","icon":"pocketcasts.png"},"podbay":{"key":"podbay","url":"","label":"Podbay","class":"podbay","icon":"podbay.png"},"podbean":{"key":"podbean","url":"","label":"Podbean","class":"podbean","icon":"podbean.png"},"podcast_addict":{"key":"podcast_addict","url":"","label":"Podcast Addict","class":"podcast_addict","icon":"podcast-addict.png"},"podcast_republic":{"key":"podcast_republic","url":"","label":"Podcast Republic","class":"podcast_republic","icon":"podcast-republic.png"},"podcast_de":{"key":"podcast_de","url":"","label":"Podcast.de","class":"podcast_de","icon":"podcast-de.png"},"podchaser":{"key":"podchaser","url":"https:\/\/www.podchaser.com\/podcasts\/bunad-for-menn-5583945","label":"Podchaser","class":"podchaser","icon":"podchaser.png"},"podcoin":{"key":"podcoin","url":"","label":"Podcoin","class":"podcoin","icon":"podcoin.png"},"podfan":{"key":"podfan","url":"","label":"Podfan","class":"podfan","icon":"podfan.png"},"podkicker":{"key":"podkicker","url":"","label":"Podkicker","class":"podkicker","icon":"podkicker.png"},"podknife":{"key":"podknife","url":"","label":"Podknife","class":"podknife","icon":"podknife.png"},"podtail":{"key":"podtail","url":"","label":"Podtail","class":"podtail","icon":"podtail.png"},"rss":{"key":"rss","url":"https:\/\/www.bunadformenn.info\/p\/feed\/podcast\/bunad-for-menn\/","label":"RSS","class":"rss","icon":"rss.png"},"rssradio":{"key":"rssradio","url":"","label":"RSSRadio","class":"rssradio","icon":"rssradio.png"},"radio_public":{"key":"radio_public","url":"https:\/\/radiopublic.com\/bunad-for-menn-WRnZB3","label":"Radio Public","class":"radio_public","icon":"radio-public.png"},"radio_com":{"key":"radio_com","url":"","label":"Radio.com","class":"radio_com","icon":"radio-com.png"},"redcircle":{"key":"redcircle","url":"","label":"RedCircle","class":"redcircle","icon":"redcircle.png"},"soundcloud":{"key":"soundcloud","url":"","label":"SoundCloud","class":"soundcloud","icon":"soundcloud.png"},"spotify":{"key":"spotify","url":"https:\/\/open.spotify.com\/show\/7mlpTNC3MVy8iUnq6KFtAX","label":"Spotify","class":"spotify","icon":"spotify.png"},"spreaker":{"key":"spreaker","url":"","label":"Spreaker","class":"spreaker","icon":"spreaker.png"},"stitcher":{"key":"stitcher","url":"https:\/\/www.stitcher.com\/show\/1082992","label":"Stitcher","class":"stitcher","icon":"stitcher.png"},"the_podcast_app":{"key":"the_podcast_app","url":"","label":"The Podcast App","class":"the_podcast_app","icon":"the-podcast-app.png"},"tunein":{"key":"tunein","url":"","label":"TuneIn","class":"tunein","icon":"tunein.png"},"vkontakte":{"key":"vkontakte","url":"","label":"VKontakte","class":"vkontakte","icon":"vkontakte.png"},"we_fo":{"key":"we_fo","url":"","label":"We.fo","class":"we_fo","icon":"we-fo.png"},"youtube":{"key":"youtube","url":"https:\/\/www.youtube.com\/playlist?list=PLO1blKpWD_EfoKw9EKylp10xMCpcaEsjb","label":"YouTube","class":"youtube","icon":"youtube.png"},"custom":{"key":"custom","url":"https:\/\/www.bunadformenn.info\/p\/podcast\/","label":"custom","class":"custom","icon":"custom.png"},"fyyd_de":{"key":"fyyd_de","url":"","label":"fyyd.de","class":"fyyd_de","icon":"fyyd-de.png"},"iheartradio":{"key":"iheartradio","url":"","label":"iHeartRadio","class":"iheartradio","icon":"iheartradio.png"},"itunes":{"key":"itunes","url":"","label":"iTunes","class":"itunes","icon":"itunes.png"},"ivoox":{"key":"ivoox","url":"","label":"iVoox","class":"ivoox","icon":"ivoox.png"},"mytuner_radio":{"key":"mytuner_radio","url":"","label":"myTuner Radio","class":"mytuner_radio","icon":"mytuner-radio.png"}},"rssFeedUrl":"https:\/\/www.bunadformenn.info\/p\/feed\/podcast\/bunad-for-menn","embedCode":"<blockquote class=\"wp-embedded-content\" data-secret=\"aYNWGcM45e\"><a href=\"https:\/\/www.bunadformenn.info\/p\/podcast\/telemarkbunad\/\">14. H\u00f8r fortellingen om koblingen mellom herrebunad fra \u00d8st-Telemark og den franske fremmedlegionens erobring av Algerie og Marokko<\/a><\/blockquote><iframe sandbox=\"allow-scripts\" security=\"restricted\" src=\"https:\/\/www.bunadformenn.info\/p\/podcast\/telemarkbunad\/embed\/#?secret=aYNWGcM45e\" width=\"500\" height=\"350\" title=\"&laquo;14. H\u00f8r fortellingen om koblingen mellom herrebunad fra \u00d8st-Telemark og den franske fremmedlegionens erobring av Algerie og Marokko&raquo; &#8212; Bunad For Menn har podkast\" data-secret=\"aYNWGcM45e\" frameborder=\"0\" marginwidth=\"0\" marginheight=\"0\" scrolling=\"no\" class=\"wp-embedded-content\"><\/iframe><script>\n\/*! This file is auto-generated *\/\n!function(d,l){\"use strict\";l.querySelector&&d.addEventListener&&\"undefined\"!=typeof URL&&(d.wp=d.wp||{},d.wp.receiveEmbedMessage||(d.wp.receiveEmbedMessage=function(e){var t=e.data;if((t||t.secret||t.message||t.value)&&!\/[^a-zA-Z0-9]\/.test(t.secret)){for(var s,r,n,a=l.querySelectorAll('iframe[data-secret=\"'+t.secret+'\"]'),o=l.querySelectorAll('blockquote[data-secret=\"'+t.secret+'\"]'),c=new RegExp(\"^https?:$\",\"i\"),i=0;i<o.length;i++)o[i].style.display=\"none\";for(i=0;i<a.length;i++)s=a[i],e.source===s.contentWindow&&(s.removeAttribute(\"style\"),\"height\"===t.message?(1e3<(r=parseInt(t.value,10))?r=1e3:~~r<200&&(r=200),s.height=r):\"link\"===t.message&&(r=new URL(s.getAttribute(\"src\")),n=new URL(t.value),c.test(n.protocol))&&n.host===r.host&&l.activeElement===s&&(d.top.location.href=t.value))}},d.addEventListener(\"message\",d.wp.receiveEmbedMessage,!1),l.addEventListener(\"DOMContentLoaded\",function(){for(var e,t,s=l.querySelectorAll(\"iframe.wp-embedded-content\"),r=0;r<s.length;r++)(t=(e=s[r]).getAttribute(\"data-secret\"))||(t=Math.random().toString(36).substring(2,12),e.src+=\"#?secret=\"+t,e.setAttribute(\"data-secret\",t)),e.contentWindow.postMessage({message:\"ready\",secret:t},\"*\")},!1)))}(window,document);\n\/\/# sourceURL=https:\/\/www.bunadformenn.info\/p\/wp-includes\/js\/wp-embed.min.js\n<\/script>\n"},"yoast_head":"<!-- This site is optimized with the Yoast SEO Premium plugin v22.3 (Yoast SEO v27.4) - https:\/\/yoast.com\/product\/yoast-seo-premium-wordpress\/ -->\n<title>Telemarkbunad<\/title>\n<meta name=\"description\" content=\"Telemarkbunad\" \/>\n<meta name=\"robots\" content=\"index, follow, max-snippet:-1, max-image-preview:large, max-video-preview:-1\" \/>\n<link rel=\"canonical\" href=\"https:\/\/www.bunadformenn.info\/p\/podcast\/telemarkbunad\/\" \/>\n<meta property=\"og:locale\" content=\"nb_NO\" \/>\n<meta property=\"og:type\" content=\"article\" \/>\n<meta property=\"og:title\" content=\"14. H\u00f8r fortellingen om koblingen mellom herrebunad fra \u00d8st-Telemark og den franske fremmedlegionens erobring av Algerie og Marokko\" \/>\n<meta property=\"og:description\" content=\"Telemarkbunad\" \/>\n<meta property=\"og:url\" content=\"https:\/\/www.bunadformenn.info\/p\/podcast\/telemarkbunad\/\" \/>\n<meta property=\"og:site_name\" content=\"Bunad For Menn har podkast\" \/>\n<meta property=\"article:modified_time\" content=\"2024-03-31T12:38:47+00:00\" \/>\n<meta property=\"og:image\" content=\"https:\/\/www.bunadformenn.info\/p\/wp-content\/uploads\/14-3000x3000-liten--scaled.jpg\" \/>\n\t<meta property=\"og:image:width\" content=\"2560\" \/>\n\t<meta property=\"og:image:height\" content=\"2560\" \/>\n\t<meta property=\"og:image:type\" content=\"image\/jpeg\" \/>\n<meta name=\"twitter:card\" content=\"summary_large_image\" \/>\n<meta name=\"twitter:label1\" content=\"Ansl. lesetid\" \/>\n\t<meta name=\"twitter:data1\" content=\"4 minutter\" \/>\n<!-- \/ Yoast SEO Premium plugin. -->","yoast_head_json":{"title":"Telemarkbunad","description":"Telemarkbunad","robots":{"index":"index","follow":"follow","max-snippet":"max-snippet:-1","max-image-preview":"max-image-preview:large","max-video-preview":"max-video-preview:-1"},"canonical":"https:\/\/www.bunadformenn.info\/p\/podcast\/telemarkbunad\/","og_locale":"nb_NO","og_type":"article","og_title":"14. H\u00f8r fortellingen om koblingen mellom herrebunad fra \u00d8st-Telemark og den franske fremmedlegionens erobring av Algerie og Marokko","og_description":"Telemarkbunad","og_url":"https:\/\/www.bunadformenn.info\/p\/podcast\/telemarkbunad\/","og_site_name":"Bunad For Menn har podkast","article_modified_time":"2024-03-31T12:38:47+00:00","og_image":[{"width":2560,"height":2560,"url":"https:\/\/www.bunadformenn.info\/p\/wp-content\/uploads\/14-3000x3000-liten--scaled.jpg","type":"image\/jpeg"}],"twitter_card":"summary_large_image","twitter_misc":{"Ansl. lesetid":"4 minutter"},"schema":{"@context":"https:\/\/schema.org","@graph":[{"@type":"WebPage","@id":"https:\/\/www.bunadformenn.info\/p\/podcast\/telemarkbunad\/","url":"https:\/\/www.bunadformenn.info\/p\/podcast\/telemarkbunad\/","name":"Telemarkbunad","isPartOf":{"@id":"https:\/\/www.bunadformenn.info\/p\/#website"},"primaryImageOfPage":{"@id":"https:\/\/www.bunadformenn.info\/p\/podcast\/telemarkbunad\/#primaryimage"},"image":{"@id":"https:\/\/www.bunadformenn.info\/p\/podcast\/telemarkbunad\/#primaryimage"},"thumbnailUrl":"https:\/\/www.bunadformenn.info\/p\/wp-content\/uploads\/14-3000x3000-liten--scaled.jpg","datePublished":"2024-03-20T19:24:42+00:00","dateModified":"2024-03-31T12:38:47+00:00","description":"Telemarkbunad","breadcrumb":{"@id":"https:\/\/www.bunadformenn.info\/p\/podcast\/telemarkbunad\/#breadcrumb"},"inLanguage":"nb-NO","potentialAction":[{"@type":"ReadAction","target":["https:\/\/www.bunadformenn.info\/p\/podcast\/telemarkbunad\/"]}],"accessibilityFeature":["tableOfContents"]},{"@type":"ImageObject","inLanguage":"nb-NO","@id":"https:\/\/www.bunadformenn.info\/p\/podcast\/telemarkbunad\/#primaryimage","url":"https:\/\/www.bunadformenn.info\/p\/wp-content\/uploads\/14-3000x3000-liten--scaled.jpg","contentUrl":"https:\/\/www.bunadformenn.info\/p\/wp-content\/uploads\/14-3000x3000-liten--scaled.jpg","width":2560,"height":2560,"caption":"bfm14.mp3"},{"@type":"BreadcrumbList","@id":"https:\/\/www.bunadformenn.info\/p\/podcast\/telemarkbunad\/#breadcrumb","itemListElement":[{"@type":"ListItem","position":1,"name":"Home","item":"https:\/\/www.bunadformenn.info\/p\/"},{"@type":"ListItem","position":2,"name":"Episode","item":"https:\/\/www.bunadformenn.info\/p\/podcast\/"},{"@type":"ListItem","position":3,"name":"14. H\u00f8r fortellingen om koblingen mellom herrebunad fra \u00d8st-Telemark og den franske fremmedlegionens erobring av Algerie og Marokko"}]},{"@type":"WebSite","@id":"https:\/\/www.bunadformenn.info\/p\/#website","url":"https:\/\/www.bunadformenn.info\/p\/","name":"Bunad For Menn har podkast","description":"F\u00e5 tips og r\u00e5d om bunad til herre. La historiker Henning Kumle underholde deg med historie om opprinnelsen til bunaden.","potentialAction":[{"@type":"SearchAction","target":{"@type":"EntryPoint","urlTemplate":"https:\/\/www.bunadformenn.info\/p\/?s={search_term_string}"},"query-input":{"@type":"PropertyValueSpecification","valueRequired":true,"valueName":"search_term_string"}}],"inLanguage":"nb-NO"}]}},"_links":{"self":[{"href":"https:\/\/www.bunadformenn.info\/p\/wp-json\/wp\/v2\/podcast\/117","targetHints":{"allow":["GET"]}}],"collection":[{"href":"https:\/\/www.bunadformenn.info\/p\/wp-json\/wp\/v2\/podcast"}],"about":[{"href":"https:\/\/www.bunadformenn.info\/p\/wp-json\/wp\/v2\/types\/podcast"}],"author":[{"embeddable":true,"href":"https:\/\/www.bunadformenn.info\/p\/wp-json\/wp\/v2\/users\/1"}],"replies":[{"embeddable":true,"href":"https:\/\/www.bunadformenn.info\/p\/wp-json\/wp\/v2\/comments?post=117"}],"wp:featuredmedia":[{"embeddable":true,"href":"https:\/\/www.bunadformenn.info\/p\/wp-json\/wp\/v2\/media\/119"}],"wp:attachment":[{"href":"https:\/\/www.bunadformenn.info\/p\/wp-json\/wp\/v2\/media?parent=117"}],"wp:term":[{"taxonomy":"post_tag","embeddable":true,"href":"https:\/\/www.bunadformenn.info\/p\/wp-json\/wp\/v2\/tags?post=117"},{"taxonomy":"series","embeddable":true,"href":"https:\/\/www.bunadformenn.info\/p\/wp-json\/wp\/v2\/series?post=117"},{"taxonomy":"speaker","embeddable":true,"href":"https:\/\/www.bunadformenn.info\/p\/wp-json\/wp\/v2\/speaker?post=117"}],"curies":[{"name":"wp","href":"https:\/\/api.w.org\/{rel}","templated":true}]}}