{"id":67,"date":"2024-03-20T09:13:19","date_gmt":"2024-03-20T08:13:19","guid":{"rendered":"https:\/\/www.bunadformenn.info\/p\/?post_type=podcast&#038;p=67"},"modified":"2024-03-31T14:38:11","modified_gmt":"2024-03-31T12:38:11","slug":"opphavet-til-bunaden","status":"publish","type":"podcast","link":"https:\/\/www.bunadformenn.info\/p\/podcast\/opphavet-til-bunaden\/","title":{"rendered":"02. Om opphavet til tradisjonen med bunader av Henning Kumle"},"content":{"rendered":"<div class=\"yoast-breadcrumbs\"><span><span><a href=\"https:\/\/www.bunadformenn.info\/p\/\">Home<\/a><\/span> \u00bb <span><a href=\"https:\/\/www.bunadformenn.info\/p\/podcast\/\">Episode<\/a><\/span> \u00bb <span class=\"breadcrumb_last\" aria-current=\"page\">02. Om opphavet til tradisjonen med bunader av Henning Kumle<\/span><\/span><\/div>\n\n\n<div class=\"wp-block-yoast-seo-table-of-contents yoast-table-of-contents\"><h2>Innholdsfortegnelse<\/h2><ul><li><a href=\"#h-sammendrag\" data-level=\"4\">Sammendrag<\/a><\/li><li><a href=\"#h-dette-er-ikke-slik-vare-forfedre-gikk-kledd\" data-level=\"3\">Dette er ikke slik v\u00e5re forfedre gikk kledd<\/a><\/li><li><a href=\"#h-1905-og-nasjonsbygging\" data-level=\"2\">1905 og nasjonsbygging<\/a><ul><li><a href=\"#h-positiv-etnisitet\" data-level=\"4\">Positiv etnisitet<\/a><\/li><li><a href=\"#h-gamle-klaer-fra-1700-og-1800-tallet\" data-level=\"3\">Gamle kl\u00e6r fra 1700 og 1800 tallet<\/a><\/li><li><a href=\"#h-70-til-80-har-innslag-fra-militaere-uniformer\" data-level=\"3\">70% til 80% har innslag fra milit\u00e6re uniformer<\/a><\/li><li><a href=\"#h-solvmyntene-til-dronning-theresa\" data-level=\"3\">S\u00f8lvmyntene til dronning Theresa<\/a><ul><li><a href=\"#h-uvanling-solvstandard\" data-level=\"4\">Uvanling s\u00f8lvstandard<\/a><\/li><\/ul><\/li><\/ul><\/li><li><a href=\"#h-borgerdrakter\" data-level=\"2\">Borgerdrakter<\/a><\/li><li><a href=\"#h-bunad-er-ikke-et-slim-fit-plagg\" data-level=\"2\">Bunad er ikke et slim-fit plagg<\/a><ul><li><a href=\"#h-gratulerer-med-17-mai\" data-level=\"4\">Gratulerer med 17. mai<\/a><\/li><\/ul><\/li><\/ul><\/div>\n\n\n\n<h4 class=\"wp-block-heading\" id=\"h-sammendrag\">Sammendrag<\/h4>\n\n\n\n<p>I denne episoden forteller vi om opphavet til bunadstradisjonen i Norge.<br>Hva er \u00e5rsaken til at bunad er b\u00e5de viktig og popul\u00e6rt?<\/p>\n\n\n\n<h3 class=\"wp-block-heading\" id=\"h-dette-er-ikke-slik-vare-forfedre-gikk-kledd\">Dette er ikke slik v\u00e5re forfedre gikk kledd<\/h3>\n\n\n\n<p>Velkommen til Bunad For Menn! Mitt navn er Henning Kumle, jeg er historikker av profesjon, og i dag skal jeg pr\u00f8ve \u00e5 fortelle dere litt om hva jeg tror norske bunader er.<\/p>\n\n\n\n<p>Fra tidligere tider var det ikke slik at man gikk kledd i en Gudbrandsdalsbunad i Gudbrandsdalen, og en \u00d8sterdalsbunad i \u00d8sterdalen. Vi hadde ikke den type tradisjonen i Norge. Norske bunader blir til i lys av 1905, Nansen og Johansen ishavsimperialismen og ikke minst danningen av en ung nasjonalstat som vi har formet til \u00e5 bli det den er blitt.<\/p>\n\n\n\n<h2 class=\"wp-block-heading\" id=\"h-1905-og-nasjonsbygging\">1905 og nasjonsbygging<\/h2>\n\n\n\n<p>Det var viktig etter 1905 \u00e5 finne noen egne holdepunkter \u00e5 bygge v\u00e5r identitet p\u00e5, og det ble faktisk bunader. Vi har tatt draktskikk gjennom 200 \u00e5r i Europa og gjort til v\u00e5re nasjonaldrakter. Og det er jeg stolt av. Og mitt syn er faktisk ogs\u00e5 det at hadde ikke v\u00e6rt for barnetog, borgertog, 17 maifeiring, p\u00e5 den m\u00e5ten vi gj\u00f8r, s\u00e5 hadde denne draktskikken forsvunnet for lenge, lenge siden.<\/p>\n\n\n\n<h4 class=\"wp-block-heading\" id=\"h-positiv-etnisitet\">Positiv etnisitet<\/h4>\n\n\n\n<p>Jeg ser p\u00e5 det som positiv etnisitet, og jeg er stolt av \u00e5 kunne v\u00e6re med og bringe det norske folk, og andre, alle som har lyst p\u00e5 bunad, bunad av kvalitet med riktig etnisk fremstilling. Det finnes masse der ute. Det finnes bunader som er fine, det finnes bunader av god kvalitet og av d\u00e5rlig kvalitet, og det finnes faktisk ting som ikke er noe s\u00e6rlig det hele tatt.<\/p>\n\n\n\n<h3 class=\"wp-block-heading\" id=\"h-gamle-klaer-fra-1700-og-1800-tallet\">Gamle kl\u00e6r fra 1700 og 1800 tallet<\/h3>\n\n\n\n<p>N\u00e5r dere skal ha bunader, s\u00e5 tenk litt p\u00e5 at dette er gamle kl\u00e6r. Det er en kl\u00e6r fra 1700- og 1800-tallet. Dette er ikke en moderne slim-fit-dress. Du har ull p\u00e5 ull, du har en varm jakke. Det skal v\u00e6re god plass i buksa, buksa skal henge i bukseselene, og det var nok plass i buksa til at du kan sitte behagelig, uten \u00e5 f\u00e5 skvisa edle deler. Tenk litt p\u00e5 det, og tenk p\u00e5 at ting skal v\u00e6re korrekt utf\u00f8rt.<\/p>\n\n\n\n<h3 class=\"wp-block-heading\" id=\"h-70-til-80-har-innslag-fra-militaere-uniformer\">70% til 80% har innslag fra milit\u00e6re uniformer<\/h3>\n\n\n\n<p>Det er ikke hendene som skaper bunaden som er viktig, men kunnskapen som er bak, og der er Bunad For Menn unike. Den kunnskapen jeg har som historiker, den har jeg brakt med meg, og gjennom 18 \u00e5r n\u00e5, produsert bunader av beste kvalitet. Min p\u00e5stand er at 70-80% av disse bunadene har innslag av tidligere uniformer. Vi nordmenn, vi produserte faktisk soldater. Fra Christian IV tid, p\u00e5 slutten av 15-tallet og frem til 1800-tallet, s\u00e5 var det fire \u00e5rs krigstjeneste for en bondesoldat. Halvparten av v\u00e5re offiserer l\u00e5nte vi ut til andre land, eller leide ut, mens vi leide tilbake fra andre land som Pr\u00f8ysen, Frankrike, \u00d8sterrike, ikke minst \u00d8sterrike Ungarn, fordi man hadde den filosofien at utenlandske offiserer var t\u00f8ffere med bondesoldatene enn v\u00e5r egne.<\/p>\n\n\n\n<h3 class=\"wp-block-heading\" id=\"h-solvmyntene-til-dronning-theresa\">S\u00f8lvmyntene til dronning Theresa<\/h3>\n\n\n\n<p>Alle norske menn som hadde avtjent krigstjeneste, hadde ogs\u00e5 et yrke, og Europa var fulgt av kriger. Det var alltid en krig \u00e5 f\u00f8re. Moren til Marie Antoinette, hun var en stor, sint, mektig kvinne, Maria Teresa. Hun hadde s\u00e5gar sin egen mynt som ble brukt som betalingsenighet for leiesoldater, og det er ikke noe tilfeldighet at n\u00e5r Norges Bank ble \u00e5pnet eller dannet i 1816, s\u00e5 ble det p\u00e5lagt en s\u00f8lvskatt p\u00e5 grunneiere og b\u00f8nder.<\/p>\n\n\n\n<h4 class=\"wp-block-heading\" id=\"h-uvanling-solvstandard\">Uvanling s\u00f8lvstandard<\/h4>\n\n\n\n<p>Det kom inn s\u00e5 mye Maria Theresamynter at Norge er det eneste land i Europa med 830 s\u00f8lvstandard, noe som var innholdet av s\u00f8lv i Maria Teresa dalerne, og ikke 920 Sterling som resten av Europa har. Dette m\u00e5 jo fortelle noe om at disse pengene har v\u00e6rt brakt med seg hjem fra folk som har tjenestegjort og drevet handel i andre land.<\/p>\n\n\n\n<h2 class=\"wp-block-heading\" id=\"h-borgerdrakter\">Borgerdrakter<\/h2>\n\n\n\n<p>N\u00e5r jeg begynte \u00e5 se p\u00e5 dette og se n\u00e6rmere p\u00e5 bunadene v\u00e5re, s\u00e5 jeg innslag av uniformer mange steder. S\u00e5 er det noen av dem som er rene borgerdrakter. Men en storbonde p\u00e5 Hedmarken gikk ikke noe annerledes kledd enn en byborger i Kristiania.<\/p>\n\n\n\n<p>Vi m\u00e5 huske at n\u00e5r slottet ble bygd, var diskusjonen hvorfor man skulle legge slottet utenfor bykjernen. Dette skal vi ta med oss. Vi skal v\u00e6re stolt av de bunadene vi har. Vi skal ta vare p\u00e5 de bunadene vi har, og vi m\u00e5 s\u00f8rge for at de ikke blir maskeradeball.<\/p>\n\n\n\n<p>At vi beholdersnittene riktig. At vi bruker den kunnskapen vi har om etnisiteten og hvordan disse bunadene skal lages. Slik at vi ogs\u00e5 om 50, 60, 70 \u00e5r har de samme draktene identiske draktskikk.<\/p>\n\n\n\n<h2 class=\"wp-block-heading\" id=\"h-bunad-er-ikke-et-slim-fit-plagg\">Bunad er ikke et slim-fit plagg<\/h2>\n\n\n\n<p>For dette er ikke slim-fit-dresser, dette er gamle kl\u00e6r. Ta vare p\u00e5 bunadene, finn dem frem, ta gjerne kontakt med Bunad For Menn hvis det er noe dere lurer p\u00e5.<\/p>\n\n\n\n<h4 class=\"wp-block-heading\" id=\"h-gratulerer-med-17-mai\">Gratulerer med 17. mai<\/h4>\n\n\n\n<p>Jeg er levende opptatt av bunader, og jeg svarer p\u00e5 alle sp\u00f8rsm\u00e5l uansett hvem som ringer meg. Jeg \u00f8nsker dere lykke til, og s\u00e5 gleder jeg meg til \u00e5 kunne se alle de fine norske bunadene p\u00e5 TV p\u00e5 17 mai.<\/p>\n","protected":false},"excerpt":{"rendered":"I denne episoden forteller vi om opphavet til bunadstradisjonen i Norge.\nHva er \u00e5rsaken til at bunad er b\u00e5de viktig og popul\u00e6rt?","protected":false},"author":1,"featured_media":68,"menu_order":0,"comment_status":"closed","ping_status":"closed","template":"","meta":{"episode_type":"audio","audio_file":"https:\/\/anchor.fm\/s\/f054f7cc\/podcast\/play\/84289798\/https%3A%2F%2Fd3ctxlq1ktw2nl.cloudfront.net%2Fstaging%2F2024-2-20%2Fad939add-7504-d126-3178-b03cdab071ef.mp3","transcript_file":"https:\/\/i.bunadformenn.no\/file\/bunadformenn\/i\/bfm02a.srt","podmotor_file_id":"","podmotor_episode_id":"","cover_image":"https:\/\/www.bunadformenn.info\/p\/wp-content\/uploads\/02-3000x3000-liten--scaled.jpg","cover_image_id":"68","duration":"07:25","filesize":"7M","filesize_raw":"7339469","date_recorded":"2024-03-20 09:13:19","explicit":"","block":""},"tags":[114],"series":[113],"speaker":[109],"class_list":["post-67","podcast","type-podcast","status-publish","has-post-thumbnail","hentry","tag-bunadformenn","series-bunad-for-menn","speaker-henning-kumle"],"episode_featured_image":"https:\/\/www.bunadformenn.info\/p\/wp-content\/uploads\/02-3000x3000-liten--scaled.jpg","episode_player_image":"https:\/\/www.bunadformenn.info\/p\/wp-content\/uploads\/02-3000x3000-liten--scaled.jpg","download_link":"https:\/\/media.blubrry.com\/bunadformenn\/dts.podtrac.com\/redirect.mp3\/www.bunadformenn.info\/p\/podcast-download\/67\/opphavet-til-bunaden.mp3","player_link":"https:\/\/media.blubrry.com\/bunadformenn\/dts.podtrac.com\/redirect.mp3\/www.bunadformenn.info\/p\/podcast-player\/67\/opphavet-til-bunaden.mp3","audio_player":"<audio class=\"wp-audio-shortcode\" id=\"audio-67-1\" preload=\"none\" style=\"width: 100%;\" controls=\"controls\"><source type=\"audio\/mpeg\" src=\"https:\/\/media.blubrry.com\/bunadformenn\/dts.podtrac.com\/redirect.mp3\/www.bunadformenn.info\/p\/podcast-player\/67\/opphavet-til-bunaden.mp3?_=1\" \/><a href=\"https:\/\/media.blubrry.com\/bunadformenn\/dts.podtrac.com\/redirect.mp3\/www.bunadformenn.info\/p\/podcast-player\/67\/opphavet-til-bunaden.mp3\">https:\/\/media.blubrry.com\/bunadformenn\/dts.podtrac.com\/redirect.mp3\/www.bunadformenn.info\/p\/podcast-player\/67\/opphavet-til-bunaden.mp3<\/a><\/audio>","episode_data":{"playerMode":"light","subscribeUrls":{"acast":{"key":"acast","url":"","label":"Acast","class":"acast","icon":"acast.png"},"amazon":{"key":"amazon","url":"https:\/\/music.amazon.de\/podcasts\/7de09389-5c5a-43ea-8e2d-c186982c6413\/bunad-for-menn","label":"Amazon","class":"amazon","icon":"amazon.png"},"anchor":{"key":"anchor","url":"","label":"Anchor","class":"anchor","icon":"anchor.png"},"audible":{"key":"audible","url":"","label":"Audible","class":"audible","icon":"audible.png"},"apple_podcasts":{"key":"apple_podcasts","url":"https:\/\/podcasts.apple.com\/us\/podcast\/bunadformenn-no\/id1736927514","label":"Apple Podcasts","class":"apple_podcasts","icon":"apple-podcasts.png"},"blubrry":{"key":"blubrry","url":"","label":"Blubrry","class":"blubrry","icon":"blubrry.png"},"breaker":{"key":"breaker","url":"","label":"Breaker","class":"breaker","icon":"breaker.png"},"bullhorn":{"key":"bullhorn","url":"","label":"Bullhorn","class":"bullhorn","icon":"bullhorn.png"},"castbox":{"key":"castbox","url":"https:\/\/castbox.fm\/ch\/6082552","label":"CastBox","class":"castbox","icon":"castbox.png"},"castro":{"key":"castro","url":"","label":"Castro","class":"castro","icon":"castro.png"},"clammr":{"key":"clammr","url":"","label":"Clammr","class":"clammr","icon":"clammr.png"},"deezer":{"key":"deezer","url":"","label":"Deezer","class":"deezer","icon":"deezer.png"},"downcast":{"key":"downcast","url":"","label":"Downcast","class":"downcast","icon":"downcast.png"},"google_play":{"key":"google_play","url":"","label":"Google Play","class":"google_play","icon":"google-play.png"},"google_podcasts":{"key":"google_podcasts","url":"","label":"Google Podcasts","class":"google_podcasts","icon":"google-podcasts.png"},"himalaya_com":{"key":"himalaya_com","url":"","label":"Himalaya.com","class":"himalaya_com","icon":"himalaya-com.png"},"laughable":{"key":"laughable","url":"","label":"Laughable","class":"laughable","icon":"laughable.png"},"libsyn":{"key":"libsyn","url":"","label":"Libsyn","class":"libsyn","icon":"libsyn.png"},"listen_notes":{"key":"listen_notes","url":"","label":"Listen Notes","class":"listen_notes","icon":"listen-notes.png"},"miro":{"key":"miro","url":"","label":"Miro","class":"miro","icon":"miro.png"},"mixcloud":{"key":"mixcloud","url":"","label":"MixCloud","class":"mixcloud","icon":"mixcloud.png"},"overcast":{"key":"overcast","url":"https:\/\/overcast.fm\/itunes1724334067","label":"Overcast","class":"overcast","icon":"overcast.png"},"owltail":{"key":"owltail","url":"","label":"OwlTail","class":"owltail","icon":"owltail.png"},"pandora":{"key":"pandora","url":"https:\/\/www.pandora.com\/podcast\/bunad-for-menn\/PC:1001082992","label":"Pandora","class":"pandora","icon":"pandora.png"},"player_fm":{"key":"player_fm","url":"","label":"Player.fm","class":"player_fm","icon":"player-fm.png"},"plex":{"key":"plex","url":"","label":"Plex","class":"plex","icon":"plex.png"},"pocketcasts":{"key":"pocketcasts","url":"https:\/\/pca.st\/jsl76rd5","label":"PocketCasts","class":"pocketcasts","icon":"pocketcasts.png"},"podbay":{"key":"podbay","url":"","label":"Podbay","class":"podbay","icon":"podbay.png"},"podbean":{"key":"podbean","url":"","label":"Podbean","class":"podbean","icon":"podbean.png"},"podcast_addict":{"key":"podcast_addict","url":"","label":"Podcast Addict","class":"podcast_addict","icon":"podcast-addict.png"},"podcast_republic":{"key":"podcast_republic","url":"","label":"Podcast Republic","class":"podcast_republic","icon":"podcast-republic.png"},"podcast_de":{"key":"podcast_de","url":"","label":"Podcast.de","class":"podcast_de","icon":"podcast-de.png"},"podchaser":{"key":"podchaser","url":"https:\/\/www.podchaser.com\/podcasts\/bunad-for-menn-5583945","label":"Podchaser","class":"podchaser","icon":"podchaser.png"},"podcoin":{"key":"podcoin","url":"","label":"Podcoin","class":"podcoin","icon":"podcoin.png"},"podfan":{"key":"podfan","url":"","label":"Podfan","class":"podfan","icon":"podfan.png"},"podkicker":{"key":"podkicker","url":"","label":"Podkicker","class":"podkicker","icon":"podkicker.png"},"podknife":{"key":"podknife","url":"","label":"Podknife","class":"podknife","icon":"podknife.png"},"podtail":{"key":"podtail","url":"","label":"Podtail","class":"podtail","icon":"podtail.png"},"rss":{"key":"rss","url":"https:\/\/www.bunadformenn.info\/p\/feed\/podcast\/bunad-for-menn\/","label":"RSS","class":"rss","icon":"rss.png"},"rssradio":{"key":"rssradio","url":"","label":"RSSRadio","class":"rssradio","icon":"rssradio.png"},"radio_public":{"key":"radio_public","url":"https:\/\/radiopublic.com\/bunad-for-menn-WRnZB3","label":"Radio Public","class":"radio_public","icon":"radio-public.png"},"radio_com":{"key":"radio_com","url":"","label":"Radio.com","class":"radio_com","icon":"radio-com.png"},"redcircle":{"key":"redcircle","url":"","label":"RedCircle","class":"redcircle","icon":"redcircle.png"},"soundcloud":{"key":"soundcloud","url":"","label":"SoundCloud","class":"soundcloud","icon":"soundcloud.png"},"spotify":{"key":"spotify","url":"https:\/\/open.spotify.com\/show\/7mlpTNC3MVy8iUnq6KFtAX","label":"Spotify","class":"spotify","icon":"spotify.png"},"spreaker":{"key":"spreaker","url":"","label":"Spreaker","class":"spreaker","icon":"spreaker.png"},"stitcher":{"key":"stitcher","url":"https:\/\/www.stitcher.com\/show\/1082992","label":"Stitcher","class":"stitcher","icon":"stitcher.png"},"the_podcast_app":{"key":"the_podcast_app","url":"","label":"The Podcast App","class":"the_podcast_app","icon":"the-podcast-app.png"},"tunein":{"key":"tunein","url":"","label":"TuneIn","class":"tunein","icon":"tunein.png"},"vkontakte":{"key":"vkontakte","url":"","label":"VKontakte","class":"vkontakte","icon":"vkontakte.png"},"we_fo":{"key":"we_fo","url":"","label":"We.fo","class":"we_fo","icon":"we-fo.png"},"youtube":{"key":"youtube","url":"https:\/\/www.youtube.com\/playlist?list=PLO1blKpWD_EfoKw9EKylp10xMCpcaEsjb","label":"YouTube","class":"youtube","icon":"youtube.png"},"custom":{"key":"custom","url":"https:\/\/www.bunadformenn.info\/p\/podcast\/","label":"custom","class":"custom","icon":"custom.png"},"fyyd_de":{"key":"fyyd_de","url":"","label":"fyyd.de","class":"fyyd_de","icon":"fyyd-de.png"},"iheartradio":{"key":"iheartradio","url":"","label":"iHeartRadio","class":"iheartradio","icon":"iheartradio.png"},"itunes":{"key":"itunes","url":"","label":"iTunes","class":"itunes","icon":"itunes.png"},"ivoox":{"key":"ivoox","url":"","label":"iVoox","class":"ivoox","icon":"ivoox.png"},"mytuner_radio":{"key":"mytuner_radio","url":"","label":"myTuner Radio","class":"mytuner_radio","icon":"mytuner-radio.png"}},"rssFeedUrl":"https:\/\/www.bunadformenn.info\/p\/feed\/podcast\/bunad-for-menn","embedCode":"<blockquote class=\"wp-embedded-content\" data-secret=\"j9UOfu1Stw\"><a href=\"https:\/\/www.bunadformenn.info\/p\/podcast\/opphavet-til-bunaden\/\">02. Om opphavet til tradisjonen med bunader av Henning Kumle<\/a><\/blockquote><iframe sandbox=\"allow-scripts\" security=\"restricted\" src=\"https:\/\/www.bunadformenn.info\/p\/podcast\/opphavet-til-bunaden\/embed\/#?secret=j9UOfu1Stw\" width=\"500\" height=\"350\" title=\"&laquo;02. Om opphavet til tradisjonen med bunader av Henning Kumle&raquo; &#8212; Bunad For Menn har podkast\" data-secret=\"j9UOfu1Stw\" frameborder=\"0\" marginwidth=\"0\" marginheight=\"0\" scrolling=\"no\" class=\"wp-embedded-content\"><\/iframe><script>\n\/*! This file is auto-generated *\/\n!function(d,l){\"use strict\";l.querySelector&&d.addEventListener&&\"undefined\"!=typeof URL&&(d.wp=d.wp||{},d.wp.receiveEmbedMessage||(d.wp.receiveEmbedMessage=function(e){var t=e.data;if((t||t.secret||t.message||t.value)&&!\/[^a-zA-Z0-9]\/.test(t.secret)){for(var s,r,n,a=l.querySelectorAll('iframe[data-secret=\"'+t.secret+'\"]'),o=l.querySelectorAll('blockquote[data-secret=\"'+t.secret+'\"]'),c=new RegExp(\"^https?:$\",\"i\"),i=0;i<o.length;i++)o[i].style.display=\"none\";for(i=0;i<a.length;i++)s=a[i],e.source===s.contentWindow&&(s.removeAttribute(\"style\"),\"height\"===t.message?(1e3<(r=parseInt(t.value,10))?r=1e3:~~r<200&&(r=200),s.height=r):\"link\"===t.message&&(r=new URL(s.getAttribute(\"src\")),n=new URL(t.value),c.test(n.protocol))&&n.host===r.host&&l.activeElement===s&&(d.top.location.href=t.value))}},d.addEventListener(\"message\",d.wp.receiveEmbedMessage,!1),l.addEventListener(\"DOMContentLoaded\",function(){for(var e,t,s=l.querySelectorAll(\"iframe.wp-embedded-content\"),r=0;r<s.length;r++)(t=(e=s[r]).getAttribute(\"data-secret\"))||(t=Math.random().toString(36).substring(2,12),e.src+=\"#?secret=\"+t,e.setAttribute(\"data-secret\",t)),e.contentWindow.postMessage({message:\"ready\",secret:t},\"*\")},!1)))}(window,document);\n\/\/# sourceURL=https:\/\/www.bunadformenn.info\/p\/wp-includes\/js\/wp-embed.min.js\n<\/script>\n"},"yoast_head":"<!-- This site is optimized with the Yoast SEO Premium plugin v22.3 (Yoast SEO v27.5) - https:\/\/yoast.com\/product\/yoast-seo-premium-wordpress\/ -->\n<title>Opphavet til bunaden. Henning Kumle om tradisjonen med bunader<\/title>\n<meta name=\"description\" content=\"Opphavet til bunaden. I denne episoden forteller vi om opphavet til bunaden i Norge. Hva er \u00e5rsaken til at bunad er b\u00e5de viktig og popul\u00e6rt?\" \/>\n<meta name=\"robots\" content=\"index, follow, max-snippet:-1, max-image-preview:large, max-video-preview:-1\" \/>\n<link rel=\"canonical\" href=\"https:\/\/www.bunadformenn.info\/p\/podcast\/opphavet-til-bunaden\/\" \/>\n<meta property=\"og:locale\" content=\"nb_NO\" \/>\n<meta property=\"og:type\" content=\"article\" \/>\n<meta property=\"og:title\" content=\"02. Om opphavet til tradisjonen med bunader av Henning Kumle\" \/>\n<meta property=\"og:description\" content=\"Opphavet til bunaden. I denne episoden forteller vi om opphavet til bunaden i Norge. Hva er \u00e5rsaken til at bunad er b\u00e5de viktig og popul\u00e6rt?\" \/>\n<meta property=\"og:url\" content=\"https:\/\/www.bunadformenn.info\/p\/podcast\/opphavet-til-bunaden\/\" \/>\n<meta property=\"og:site_name\" content=\"Bunad For Menn har podkast\" \/>\n<meta property=\"article:modified_time\" content=\"2024-03-31T12:38:11+00:00\" \/>\n<meta property=\"og:image\" content=\"https:\/\/www.bunadformenn.info\/p\/wp-content\/uploads\/02-3000x3000-liten--scaled.jpg\" \/>\n\t<meta property=\"og:image:width\" content=\"2560\" \/>\n\t<meta property=\"og:image:height\" content=\"2560\" \/>\n\t<meta property=\"og:image:type\" content=\"image\/jpeg\" \/>\n<meta name=\"twitter:card\" content=\"summary_large_image\" \/>\n<meta name=\"twitter:label1\" content=\"Ansl. lesetid\" \/>\n\t<meta name=\"twitter:data1\" content=\"5 minutter\" \/>\n<!-- \/ Yoast SEO Premium plugin. -->","yoast_head_json":{"title":"Opphavet til bunaden. Henning Kumle om tradisjonen med bunader","description":"Opphavet til bunaden. I denne episoden forteller vi om opphavet til bunaden i Norge. Hva er \u00e5rsaken til at bunad er b\u00e5de viktig og popul\u00e6rt?","robots":{"index":"index","follow":"follow","max-snippet":"max-snippet:-1","max-image-preview":"max-image-preview:large","max-video-preview":"max-video-preview:-1"},"canonical":"https:\/\/www.bunadformenn.info\/p\/podcast\/opphavet-til-bunaden\/","og_locale":"nb_NO","og_type":"article","og_title":"02. Om opphavet til tradisjonen med bunader av Henning Kumle","og_description":"Opphavet til bunaden. I denne episoden forteller vi om opphavet til bunaden i Norge. Hva er \u00e5rsaken til at bunad er b\u00e5de viktig og popul\u00e6rt?","og_url":"https:\/\/www.bunadformenn.info\/p\/podcast\/opphavet-til-bunaden\/","og_site_name":"Bunad For Menn har podkast","article_modified_time":"2024-03-31T12:38:11+00:00","og_image":[{"width":2560,"height":2560,"url":"https:\/\/www.bunadformenn.info\/p\/wp-content\/uploads\/02-3000x3000-liten--scaled.jpg","type":"image\/jpeg"}],"twitter_card":"summary_large_image","twitter_misc":{"Ansl. lesetid":"5 minutter"},"schema":{"@context":"https:\/\/schema.org","@graph":[{"@type":"WebPage","@id":"https:\/\/www.bunadformenn.info\/p\/podcast\/opphavet-til-bunaden\/","url":"https:\/\/www.bunadformenn.info\/p\/podcast\/opphavet-til-bunaden\/","name":"Opphavet til bunaden. Henning Kumle om tradisjonen med bunader","isPartOf":{"@id":"https:\/\/www.bunadformenn.info\/p\/#website"},"primaryImageOfPage":{"@id":"https:\/\/www.bunadformenn.info\/p\/podcast\/opphavet-til-bunaden\/#primaryimage"},"image":{"@id":"https:\/\/www.bunadformenn.info\/p\/podcast\/opphavet-til-bunaden\/#primaryimage"},"thumbnailUrl":"https:\/\/www.bunadformenn.info\/p\/wp-content\/uploads\/02-3000x3000-liten--scaled.jpg","datePublished":"2024-03-20T08:13:19+00:00","dateModified":"2024-03-31T12:38:11+00:00","description":"Opphavet til bunaden. I denne episoden forteller vi om opphavet til bunaden i Norge. Hva er \u00e5rsaken til at bunad er b\u00e5de viktig og popul\u00e6rt?","breadcrumb":{"@id":"https:\/\/www.bunadformenn.info\/p\/podcast\/opphavet-til-bunaden\/#breadcrumb"},"inLanguage":"nb-NO","potentialAction":[{"@type":"ReadAction","target":["https:\/\/www.bunadformenn.info\/p\/podcast\/opphavet-til-bunaden\/"]}],"accessibilityFeature":["tableOfContents"]},{"@type":"ImageObject","inLanguage":"nb-NO","@id":"https:\/\/www.bunadformenn.info\/p\/podcast\/opphavet-til-bunaden\/#primaryimage","url":"https:\/\/www.bunadformenn.info\/p\/wp-content\/uploads\/02-3000x3000-liten--scaled.jpg","contentUrl":"https:\/\/www.bunadformenn.info\/p\/wp-content\/uploads\/02-3000x3000-liten--scaled.jpg","width":2560,"height":2560,"caption":"bfm02a.mp3"},{"@type":"BreadcrumbList","@id":"https:\/\/www.bunadformenn.info\/p\/podcast\/opphavet-til-bunaden\/#breadcrumb","itemListElement":[{"@type":"ListItem","position":1,"name":"Home","item":"https:\/\/www.bunadformenn.info\/p\/"},{"@type":"ListItem","position":2,"name":"Episode","item":"https:\/\/www.bunadformenn.info\/p\/podcast\/"},{"@type":"ListItem","position":3,"name":"02. Om opphavet til tradisjonen med bunader av Henning Kumle"}]},{"@type":"WebSite","@id":"https:\/\/www.bunadformenn.info\/p\/#website","url":"https:\/\/www.bunadformenn.info\/p\/","name":"Bunad For Menn har podkast","description":"F\u00e5 tips og r\u00e5d om bunad til herre. La historiker Henning Kumle underholde deg med historie om opprinnelsen til bunaden.","potentialAction":[{"@type":"SearchAction","target":{"@type":"EntryPoint","urlTemplate":"https:\/\/www.bunadformenn.info\/p\/?s={search_term_string}"},"query-input":{"@type":"PropertyValueSpecification","valueRequired":true,"valueName":"search_term_string"}}],"inLanguage":"nb-NO"}]}},"_links":{"self":[{"href":"https:\/\/www.bunadformenn.info\/p\/wp-json\/wp\/v2\/podcast\/67","targetHints":{"allow":["GET"]}}],"collection":[{"href":"https:\/\/www.bunadformenn.info\/p\/wp-json\/wp\/v2\/podcast"}],"about":[{"href":"https:\/\/www.bunadformenn.info\/p\/wp-json\/wp\/v2\/types\/podcast"}],"author":[{"embeddable":true,"href":"https:\/\/www.bunadformenn.info\/p\/wp-json\/wp\/v2\/users\/1"}],"replies":[{"embeddable":true,"href":"https:\/\/www.bunadformenn.info\/p\/wp-json\/wp\/v2\/comments?post=67"}],"wp:featuredmedia":[{"embeddable":true,"href":"https:\/\/www.bunadformenn.info\/p\/wp-json\/wp\/v2\/media\/68"}],"wp:attachment":[{"href":"https:\/\/www.bunadformenn.info\/p\/wp-json\/wp\/v2\/media?parent=67"}],"wp:term":[{"taxonomy":"post_tag","embeddable":true,"href":"https:\/\/www.bunadformenn.info\/p\/wp-json\/wp\/v2\/tags?post=67"},{"taxonomy":"series","embeddable":true,"href":"https:\/\/www.bunadformenn.info\/p\/wp-json\/wp\/v2\/series?post=67"},{"taxonomy":"speaker","embeddable":true,"href":"https:\/\/www.bunadformenn.info\/p\/wp-json\/wp\/v2\/speaker?post=67"}],"curies":[{"name":"wp","href":"https:\/\/api.w.org\/{rel}","templated":true}]}}