{"id":93,"date":"2024-03-20T18:17:13","date_gmt":"2024-03-20T17:17:13","guid":{"rendered":"https:\/\/www.bunadformenn.info\/p\/?post_type=podcast&#038;p=93"},"modified":"2024-03-31T14:37:18","modified_gmt":"2024-03-31T12:37:18","slug":"mannsbunad-3","status":"publish","type":"podcast","link":"https:\/\/www.bunadformenn.info\/p\/podcast\/mannsbunad-3\/","title":{"rendered":"06. Slik ble herrebunaden et vitnesbyrd om nordmenns \u00f8nske om \u00e5 reise s\u00f8rover for \u00e5 f\u00e5 rikdom, \u00e6re og ber\u00f8mmelse"},"content":{"rendered":"\n<div class=\"wp-block-yoast-seo-table-of-contents yoast-table-of-contents\"><h2>Innholdsfortegnelse<\/h2><ul><li><a href=\"#h-sammendrag\" data-level=\"3\">Sammendrag<\/a><\/li><li><a href=\"#h-dette-er-arsaken-til-at-skikken-med-bunad-og-folkedrakt-har-levd-i-flere-hundre-ar\" data-level=\"3\">Dette er \u00e5rsaken til at skikken med bunad og folkedrakt har levd i flere hundre \u00e5r<\/a><\/li><li><a href=\"#h-hulda-garborg-trakk-bunad-og-folkedrakt-inn-i-politikken\" data-level=\"3\">Hulda Garborg trakk bunad og folkedrakt inn i politikken<\/a><\/li><li><a href=\"#h-grunnen-til-at-draktskikken-med-bunad-og-folkedrakt-lever-videre\" data-level=\"3\">Grunnen til at draktskikken med bunad og folkedrakt lever videre<\/a><\/li><\/ul><\/div>\n\n\n\n<h3 class=\"wp-block-heading\" id=\"h-sammendrag\">Sammendrag<\/h3>\n\n\n\n<p>I denne episoden forteller vi om hvorfor skikken med bunad og folkedrakt har levd i flere hundre \u00e5r. Lytt til opphavet til bunad og folkedrakt som en f\u00f8lge av utfartstangen til nordmenn fra midten av sekstenhundretallet og frem til f\u00f8rste halvdel av attenhundretallet.<\/p>\n\n\n\n<h3 class=\"wp-block-heading\" id=\"h-dette-er-arsaken-til-at-skikken-med-bunad-og-folkedrakt-har-levd-i-flere-hundre-ar\">Dette er \u00e5rsaken til at skikken med bunad og folkedrakt har levd i flere hundre \u00e5r<\/h3>\n\n\n\n<p>Vi vil gjerne starte med \u00e5 gjengi hva Bunadsr\u00e5det og Folkedraktr\u00e5det har skrevet om bunader og folkedrakter:<\/p>\n\n\n\n<p>Veien fra nasjonaldrakter bunad og folkedrakt til bunader, festdrakter og h\u00f8gtidsdrakter<\/p>\n\n\n\n<p>\u201dDen tidlegaste interessa for folkedrakter fekk ein i Noreg p\u00e5 midten av s\u00f8ttenhundretalet. Ein byrja d\u00e5 \u00e5 dokumentere draktene i forbindelse med kartlegging av n\u00e6ringsvegane innanfor bondestanden. Folkedraktene gjekk mange stader ut av bruk p\u00e5 midten av attenhundretallet. Men med nasjonalromantikken p\u00e5 attenf\u00f8rtitallet, vart bondekulturen sett p\u00e5 som verdifull, og dermed ogs\u00e5 draktene deira. Folkedraktene vart ei popul\u00e6r motivkjelde for kunstnarar, og etter kvart uttrykte folk ogs\u00e5 si nasjonalkjensle ved \u00e5 bruke desse draktene. Slik vart folkedraktene igjen aktuelle, men i ei anna form og med eit anna innhald.<br>Fr\u00e5 midten av attenhundretallet fekk dei ogs\u00e5 nemninga \u201dnasjonaldrakter\u201d. Klede fr\u00e5 ulike delar av Noreg blei brukt som nasjonaldrakt, men Hardangerdrakta blei spesielt popul\u00e6r. Rundt nittenhundre kom det reaksjonar p\u00e5 dette. Norskdomsr\u00f8rsla, som ivra for det norske og som var i mot unionen med Sverige, ville gjenskape den gamle bondekulturen som var i ferd med \u00e5 forsvinne. Dette var noko anna enn romantisk svermeri dei ville f\u00f8re folkekulturen tilbake til bygdene i forbetra versjon.<\/p>\n\n\n\n<h3 class=\"wp-block-heading\" id=\"h-hulda-garborg-trakk-bunad-og-folkedrakt-inn-i-politikken\">Hulda Garborg trakk bunad og folkedrakt inn i politikken<\/h3>\n\n\n\n<p>Med Hulda Garborg i spissen blei folkedraktene eit viktig element i den kulturpolitiske kampen. Gamle folkedrakter vart tekne opp igjen, men det vart ogs\u00e5 laga nye som berre hadde element fr\u00e5 dei gamle folkedraktene i seg. Det er no folkedraktene vert \u201dbunader\u201d: fest- og h\u00f8gtidsdrakter som i st\u00f8rre eller mindre grad er ei gjenopptaking av lokale folkedrakttradisjonar. Fram til f\u00f8rste verdskrig var det gjerne nyleg avlagde plagg som vart tekne i bruk som bunad, eller var bakgrunn for bunadsarbeidet. Dette skulle snart endre seg, og bunadsomgrepet vart brukt om det meste som vart laga. Det er dette som seinare har vore blitt stridens eple i bunad soga: Om bunadane helst skal f\u00f8re bunad og folkedrakt tradisjonen vidare, eller om ei fritt komponert drakt er like god.<\/p>\n\n\n\n<p>I dag er bunadane fest- og h\u00f8gtidsplagg for folk over heile landet, som vert verdsett h\u00f8gt av brukarane, uansett type og opphav.\u201d<\/p>\n\n\n\n<p>Dette er en faksimile fra nettsiden til Bunad og Folkedraktr\u00e5det.<\/p>\n\n\n\n<h3 class=\"wp-block-heading\" id=\"h-grunnen-til-at-draktskikken-med-bunad-og-folkedrakt-lever-videre\">Grunnen til at draktskikken med bunad og folkedrakt lever videre<\/h3>\n\n\n\n<p>Jeg skal ikke bestride oppfattingen som Bunad og Folkedraktr\u00e5det legger til grunn for den spesielle og s\u00e6regne draktskikk vi i Norge setter s\u00e5 stor pris p\u00e5. Opphavet til bunad og folkedrakt er en f\u00f8lge av utfartstangen til nordmenn fra midten av sekstenhundretallet frem til f\u00f8rste halvdel av attenhundretallet. Dette er et fors\u00f8k p\u00e5 \u00e5 forklare hvorfor denne s\u00e6regne draktskikken har fortsatt \u00e5 leve videre i flere hundre \u00e5r etter at de ulike \u201dbunadstypene\u201d gikk ut av bruk andre steder i Europa. Ser du n\u00e6rmere p\u00e5 norske mannsbunader vil du se at denne draktskikken strekker seg over en periode fra midten av sekstenhundretallet og frem til atten\u00e5ttitallet. Som f\u00f8lge av dette vil jeg se n\u00e6rmere p\u00e5 et assortert utvalg av norske mannsbunader. Disse har etter min mening sitt opphav i milit\u00e6re og sivile uniformer fra samme periode.<\/p>\n","protected":false},"excerpt":{"rendered":"I denne episoden forteller vi om hvorfor skikken med bunad og folkedrakt har levd i flere hundre \u00e5r.","protected":false},"author":1,"featured_media":95,"menu_order":0,"comment_status":"closed","ping_status":"closed","template":"","meta":{"episode_type":"audio","audio_file":"https:\/\/anchor.fm\/s\/f054f7cc\/podcast\/play\/84292851\/https%3A%2F%2Fd3ctxlq1ktw2nl.cloudfront.net%2Fstaging%2F2024-2-20%2Fe1771a22-80bd-839c-7a0b-9753fd908cb1.mp3","transcript_file":"https:\/\/www.bunadformenn.info\/p\/wp-content\/uploads\/06-podcast-episode-.txt","podmotor_file_id":"","podmotor_episode_id":"","cover_image":"https:\/\/www.bunadformenn.info\/p\/wp-content\/uploads\/06-3000x3000-liten--scaled.jpg","cover_image_id":"95","duration":"06:29","filesize":"6.21M","filesize_raw":"6508121","date_recorded":"2024-03-20 18:17:13","explicit":"","block":""},"tags":[114],"series":[113],"speaker":[109],"class_list":["post-93","podcast","type-podcast","status-publish","has-post-thumbnail","hentry","tag-bunadformenn","series-bunad-for-menn","speaker-henning-kumle"],"episode_featured_image":"https:\/\/www.bunadformenn.info\/p\/wp-content\/uploads\/06-3000x3000-liten--scaled.jpg","episode_player_image":"https:\/\/www.bunadformenn.info\/p\/wp-content\/uploads\/06-3000x3000-liten--scaled.jpg","download_link":"https:\/\/media.blubrry.com\/bunadformenn\/dts.podtrac.com\/redirect.mp3\/www.bunadformenn.info\/p\/podcast-download\/93\/mannsbunad-3.mp3","player_link":"https:\/\/media.blubrry.com\/bunadformenn\/dts.podtrac.com\/redirect.mp3\/www.bunadformenn.info\/p\/podcast-player\/93\/mannsbunad-3.mp3","audio_player":"<audio class=\"wp-audio-shortcode\" id=\"audio-93-1\" preload=\"none\" style=\"width: 100%;\" controls=\"controls\"><source type=\"audio\/mpeg\" src=\"https:\/\/media.blubrry.com\/bunadformenn\/dts.podtrac.com\/redirect.mp3\/www.bunadformenn.info\/p\/podcast-player\/93\/mannsbunad-3.mp3?_=1\" \/><a href=\"https:\/\/media.blubrry.com\/bunadformenn\/dts.podtrac.com\/redirect.mp3\/www.bunadformenn.info\/p\/podcast-player\/93\/mannsbunad-3.mp3\">https:\/\/media.blubrry.com\/bunadformenn\/dts.podtrac.com\/redirect.mp3\/www.bunadformenn.info\/p\/podcast-player\/93\/mannsbunad-3.mp3<\/a><\/audio>","episode_data":{"playerMode":"light","subscribeUrls":{"acast":{"key":"acast","url":"","label":"Acast","class":"acast","icon":"acast.png"},"amazon":{"key":"amazon","url":"https:\/\/music.amazon.de\/podcasts\/7de09389-5c5a-43ea-8e2d-c186982c6413\/bunad-for-menn","label":"Amazon","class":"amazon","icon":"amazon.png"},"anchor":{"key":"anchor","url":"","label":"Anchor","class":"anchor","icon":"anchor.png"},"audible":{"key":"audible","url":"","label":"Audible","class":"audible","icon":"audible.png"},"apple_podcasts":{"key":"apple_podcasts","url":"https:\/\/podcasts.apple.com\/us\/podcast\/bunadformenn-no\/id1736927514","label":"Apple Podcasts","class":"apple_podcasts","icon":"apple-podcasts.png"},"blubrry":{"key":"blubrry","url":"","label":"Blubrry","class":"blubrry","icon":"blubrry.png"},"breaker":{"key":"breaker","url":"","label":"Breaker","class":"breaker","icon":"breaker.png"},"bullhorn":{"key":"bullhorn","url":"","label":"Bullhorn","class":"bullhorn","icon":"bullhorn.png"},"castbox":{"key":"castbox","url":"https:\/\/castbox.fm\/ch\/6082552","label":"CastBox","class":"castbox","icon":"castbox.png"},"castro":{"key":"castro","url":"","label":"Castro","class":"castro","icon":"castro.png"},"clammr":{"key":"clammr","url":"","label":"Clammr","class":"clammr","icon":"clammr.png"},"deezer":{"key":"deezer","url":"","label":"Deezer","class":"deezer","icon":"deezer.png"},"downcast":{"key":"downcast","url":"","label":"Downcast","class":"downcast","icon":"downcast.png"},"google_play":{"key":"google_play","url":"","label":"Google Play","class":"google_play","icon":"google-play.png"},"google_podcasts":{"key":"google_podcasts","url":"","label":"Google Podcasts","class":"google_podcasts","icon":"google-podcasts.png"},"himalaya_com":{"key":"himalaya_com","url":"","label":"Himalaya.com","class":"himalaya_com","icon":"himalaya-com.png"},"laughable":{"key":"laughable","url":"","label":"Laughable","class":"laughable","icon":"laughable.png"},"libsyn":{"key":"libsyn","url":"","label":"Libsyn","class":"libsyn","icon":"libsyn.png"},"listen_notes":{"key":"listen_notes","url":"","label":"Listen Notes","class":"listen_notes","icon":"listen-notes.png"},"miro":{"key":"miro","url":"","label":"Miro","class":"miro","icon":"miro.png"},"mixcloud":{"key":"mixcloud","url":"","label":"MixCloud","class":"mixcloud","icon":"mixcloud.png"},"overcast":{"key":"overcast","url":"https:\/\/overcast.fm\/itunes1724334067","label":"Overcast","class":"overcast","icon":"overcast.png"},"owltail":{"key":"owltail","url":"","label":"OwlTail","class":"owltail","icon":"owltail.png"},"pandora":{"key":"pandora","url":"https:\/\/www.pandora.com\/podcast\/bunad-for-menn\/PC:1001082992","label":"Pandora","class":"pandora","icon":"pandora.png"},"player_fm":{"key":"player_fm","url":"","label":"Player.fm","class":"player_fm","icon":"player-fm.png"},"plex":{"key":"plex","url":"","label":"Plex","class":"plex","icon":"plex.png"},"pocketcasts":{"key":"pocketcasts","url":"https:\/\/pca.st\/jsl76rd5","label":"PocketCasts","class":"pocketcasts","icon":"pocketcasts.png"},"podbay":{"key":"podbay","url":"","label":"Podbay","class":"podbay","icon":"podbay.png"},"podbean":{"key":"podbean","url":"","label":"Podbean","class":"podbean","icon":"podbean.png"},"podcast_addict":{"key":"podcast_addict","url":"","label":"Podcast Addict","class":"podcast_addict","icon":"podcast-addict.png"},"podcast_republic":{"key":"podcast_republic","url":"","label":"Podcast Republic","class":"podcast_republic","icon":"podcast-republic.png"},"podcast_de":{"key":"podcast_de","url":"","label":"Podcast.de","class":"podcast_de","icon":"podcast-de.png"},"podchaser":{"key":"podchaser","url":"https:\/\/www.podchaser.com\/podcasts\/bunad-for-menn-5583945","label":"Podchaser","class":"podchaser","icon":"podchaser.png"},"podcoin":{"key":"podcoin","url":"","label":"Podcoin","class":"podcoin","icon":"podcoin.png"},"podfan":{"key":"podfan","url":"","label":"Podfan","class":"podfan","icon":"podfan.png"},"podkicker":{"key":"podkicker","url":"","label":"Podkicker","class":"podkicker","icon":"podkicker.png"},"podknife":{"key":"podknife","url":"","label":"Podknife","class":"podknife","icon":"podknife.png"},"podtail":{"key":"podtail","url":"","label":"Podtail","class":"podtail","icon":"podtail.png"},"rss":{"key":"rss","url":"https:\/\/www.bunadformenn.info\/p\/feed\/podcast\/bunad-for-menn\/","label":"RSS","class":"rss","icon":"rss.png"},"rssradio":{"key":"rssradio","url":"","label":"RSSRadio","class":"rssradio","icon":"rssradio.png"},"radio_public":{"key":"radio_public","url":"https:\/\/radiopublic.com\/bunad-for-menn-WRnZB3","label":"Radio Public","class":"radio_public","icon":"radio-public.png"},"radio_com":{"key":"radio_com","url":"","label":"Radio.com","class":"radio_com","icon":"radio-com.png"},"redcircle":{"key":"redcircle","url":"","label":"RedCircle","class":"redcircle","icon":"redcircle.png"},"soundcloud":{"key":"soundcloud","url":"","label":"SoundCloud","class":"soundcloud","icon":"soundcloud.png"},"spotify":{"key":"spotify","url":"https:\/\/open.spotify.com\/show\/7mlpTNC3MVy8iUnq6KFtAX","label":"Spotify","class":"spotify","icon":"spotify.png"},"spreaker":{"key":"spreaker","url":"","label":"Spreaker","class":"spreaker","icon":"spreaker.png"},"stitcher":{"key":"stitcher","url":"https:\/\/www.stitcher.com\/show\/1082992","label":"Stitcher","class":"stitcher","icon":"stitcher.png"},"the_podcast_app":{"key":"the_podcast_app","url":"","label":"The Podcast App","class":"the_podcast_app","icon":"the-podcast-app.png"},"tunein":{"key":"tunein","url":"","label":"TuneIn","class":"tunein","icon":"tunein.png"},"vkontakte":{"key":"vkontakte","url":"","label":"VKontakte","class":"vkontakte","icon":"vkontakte.png"},"we_fo":{"key":"we_fo","url":"","label":"We.fo","class":"we_fo","icon":"we-fo.png"},"youtube":{"key":"youtube","url":"https:\/\/www.youtube.com\/playlist?list=PLO1blKpWD_EfoKw9EKylp10xMCpcaEsjb","label":"YouTube","class":"youtube","icon":"youtube.png"},"custom":{"key":"custom","url":"https:\/\/www.bunadformenn.info\/p\/podcast\/","label":"custom","class":"custom","icon":"custom.png"},"fyyd_de":{"key":"fyyd_de","url":"","label":"fyyd.de","class":"fyyd_de","icon":"fyyd-de.png"},"iheartradio":{"key":"iheartradio","url":"","label":"iHeartRadio","class":"iheartradio","icon":"iheartradio.png"},"itunes":{"key":"itunes","url":"","label":"iTunes","class":"itunes","icon":"itunes.png"},"ivoox":{"key":"ivoox","url":"","label":"iVoox","class":"ivoox","icon":"ivoox.png"},"mytuner_radio":{"key":"mytuner_radio","url":"","label":"myTuner Radio","class":"mytuner_radio","icon":"mytuner-radio.png"}},"rssFeedUrl":"https:\/\/www.bunadformenn.info\/p\/feed\/podcast\/bunad-for-menn","embedCode":"<blockquote class=\"wp-embedded-content\" data-secret=\"uHd5qKP37a\"><a href=\"https:\/\/www.bunadformenn.info\/p\/podcast\/mannsbunad-3\/\">06. Slik ble herrebunaden et vitnesbyrd om nordmenns \u00f8nske om \u00e5 reise s\u00f8rover for \u00e5 f\u00e5 rikdom, \u00e6re og ber\u00f8mmelse<\/a><\/blockquote><iframe sandbox=\"allow-scripts\" security=\"restricted\" src=\"https:\/\/www.bunadformenn.info\/p\/podcast\/mannsbunad-3\/embed\/#?secret=uHd5qKP37a\" width=\"500\" height=\"350\" title=\"&laquo;06. Slik ble herrebunaden et vitnesbyrd om nordmenns \u00f8nske om \u00e5 reise s\u00f8rover for \u00e5 f\u00e5 rikdom, \u00e6re og ber\u00f8mmelse&raquo; &#8212; Bunad For Menn har podkast\" data-secret=\"uHd5qKP37a\" frameborder=\"0\" marginwidth=\"0\" marginheight=\"0\" scrolling=\"no\" class=\"wp-embedded-content\"><\/iframe><script>\n\/*! This file is auto-generated *\/\n!function(d,l){\"use strict\";l.querySelector&&d.addEventListener&&\"undefined\"!=typeof URL&&(d.wp=d.wp||{},d.wp.receiveEmbedMessage||(d.wp.receiveEmbedMessage=function(e){var t=e.data;if((t||t.secret||t.message||t.value)&&!\/[^a-zA-Z0-9]\/.test(t.secret)){for(var s,r,n,a=l.querySelectorAll('iframe[data-secret=\"'+t.secret+'\"]'),o=l.querySelectorAll('blockquote[data-secret=\"'+t.secret+'\"]'),c=new RegExp(\"^https?:$\",\"i\"),i=0;i<o.length;i++)o[i].style.display=\"none\";for(i=0;i<a.length;i++)s=a[i],e.source===s.contentWindow&&(s.removeAttribute(\"style\"),\"height\"===t.message?(1e3<(r=parseInt(t.value,10))?r=1e3:~~r<200&&(r=200),s.height=r):\"link\"===t.message&&(r=new URL(s.getAttribute(\"src\")),n=new URL(t.value),c.test(n.protocol))&&n.host===r.host&&l.activeElement===s&&(d.top.location.href=t.value))}},d.addEventListener(\"message\",d.wp.receiveEmbedMessage,!1),l.addEventListener(\"DOMContentLoaded\",function(){for(var e,t,s=l.querySelectorAll(\"iframe.wp-embedded-content\"),r=0;r<s.length;r++)(t=(e=s[r]).getAttribute(\"data-secret\"))||(t=Math.random().toString(36).substring(2,12),e.src+=\"#?secret=\"+t,e.setAttribute(\"data-secret\",t)),e.contentWindow.postMessage({message:\"ready\",secret:t},\"*\")},!1)))}(window,document);\n\/\/# sourceURL=https:\/\/www.bunadformenn.info\/p\/wp-includes\/js\/wp-embed.min.js\n<\/script>\n"},"yoast_head":"<!-- This site is optimized with the Yoast SEO Premium plugin v22.3 (Yoast SEO v27.4) - https:\/\/yoast.com\/product\/yoast-seo-premium-wordpress\/ -->\n<title>Mannsbunad<\/title>\n<meta name=\"description\" content=\"Mannsbunad\" \/>\n<meta name=\"robots\" content=\"index, follow, max-snippet:-1, max-image-preview:large, max-video-preview:-1\" \/>\n<link rel=\"canonical\" href=\"https:\/\/www.bunadformenn.info\/p\/podcast\/mannsbunad-3\/\" \/>\n<meta property=\"og:locale\" content=\"nb_NO\" \/>\n<meta property=\"og:type\" content=\"article\" \/>\n<meta property=\"og:title\" content=\"06. Slik ble herrebunaden et vitnesbyrd om nordmenns \u00f8nske om \u00e5 reise s\u00f8rover for \u00e5 f\u00e5 rikdom, \u00e6re og ber\u00f8mmelse\" \/>\n<meta property=\"og:description\" content=\"Mannsbunad\" \/>\n<meta property=\"og:url\" content=\"https:\/\/www.bunadformenn.info\/p\/podcast\/mannsbunad-3\/\" \/>\n<meta property=\"og:site_name\" content=\"Bunad For Menn har podkast\" \/>\n<meta property=\"article:modified_time\" content=\"2024-03-31T12:37:18+00:00\" \/>\n<meta property=\"og:image\" content=\"https:\/\/www.bunadformenn.info\/p\/wp-content\/uploads\/06-3000x3000-liten--scaled.jpg\" \/>\n\t<meta property=\"og:image:width\" content=\"2560\" \/>\n\t<meta property=\"og:image:height\" content=\"2560\" \/>\n\t<meta property=\"og:image:type\" content=\"image\/jpeg\" \/>\n<meta name=\"twitter:card\" content=\"summary_large_image\" \/>\n<meta name=\"twitter:label1\" content=\"Ansl. lesetid\" \/>\n\t<meta name=\"twitter:data1\" content=\"4 minutter\" \/>\n<!-- \/ Yoast SEO Premium plugin. -->","yoast_head_json":{"title":"Mannsbunad","description":"Mannsbunad","robots":{"index":"index","follow":"follow","max-snippet":"max-snippet:-1","max-image-preview":"max-image-preview:large","max-video-preview":"max-video-preview:-1"},"canonical":"https:\/\/www.bunadformenn.info\/p\/podcast\/mannsbunad-3\/","og_locale":"nb_NO","og_type":"article","og_title":"06. Slik ble herrebunaden et vitnesbyrd om nordmenns \u00f8nske om \u00e5 reise s\u00f8rover for \u00e5 f\u00e5 rikdom, \u00e6re og ber\u00f8mmelse","og_description":"Mannsbunad","og_url":"https:\/\/www.bunadformenn.info\/p\/podcast\/mannsbunad-3\/","og_site_name":"Bunad For Menn har podkast","article_modified_time":"2024-03-31T12:37:18+00:00","og_image":[{"width":2560,"height":2560,"url":"https:\/\/www.bunadformenn.info\/p\/wp-content\/uploads\/06-3000x3000-liten--scaled.jpg","type":"image\/jpeg"}],"twitter_card":"summary_large_image","twitter_misc":{"Ansl. lesetid":"4 minutter"},"schema":{"@context":"https:\/\/schema.org","@graph":[{"@type":"WebPage","@id":"https:\/\/www.bunadformenn.info\/p\/podcast\/mannsbunad-3\/","url":"https:\/\/www.bunadformenn.info\/p\/podcast\/mannsbunad-3\/","name":"Mannsbunad","isPartOf":{"@id":"https:\/\/www.bunadformenn.info\/p\/#website"},"primaryImageOfPage":{"@id":"https:\/\/www.bunadformenn.info\/p\/podcast\/mannsbunad-3\/#primaryimage"},"image":{"@id":"https:\/\/www.bunadformenn.info\/p\/podcast\/mannsbunad-3\/#primaryimage"},"thumbnailUrl":"https:\/\/www.bunadformenn.info\/p\/wp-content\/uploads\/06-3000x3000-liten--scaled.jpg","datePublished":"2024-03-20T17:17:13+00:00","dateModified":"2024-03-31T12:37:18+00:00","description":"Mannsbunad","breadcrumb":{"@id":"https:\/\/www.bunadformenn.info\/p\/podcast\/mannsbunad-3\/#breadcrumb"},"inLanguage":"nb-NO","potentialAction":[{"@type":"ReadAction","target":["https:\/\/www.bunadformenn.info\/p\/podcast\/mannsbunad-3\/"]}],"accessibilityFeature":["tableOfContents"]},{"@type":"ImageObject","inLanguage":"nb-NO","@id":"https:\/\/www.bunadformenn.info\/p\/podcast\/mannsbunad-3\/#primaryimage","url":"https:\/\/www.bunadformenn.info\/p\/wp-content\/uploads\/06-3000x3000-liten--scaled.jpg","contentUrl":"https:\/\/www.bunadformenn.info\/p\/wp-content\/uploads\/06-3000x3000-liten--scaled.jpg","width":2560,"height":2560,"caption":"bfm06.mp3"},{"@type":"BreadcrumbList","@id":"https:\/\/www.bunadformenn.info\/p\/podcast\/mannsbunad-3\/#breadcrumb","itemListElement":[{"@type":"ListItem","position":1,"name":"Home","item":"https:\/\/www.bunadformenn.info\/p\/"},{"@type":"ListItem","position":2,"name":"Episode","item":"https:\/\/www.bunadformenn.info\/p\/podcast\/"},{"@type":"ListItem","position":3,"name":"06. Slik ble herrebunaden et vitnesbyrd om nordmenns \u00f8nske om \u00e5 reise s\u00f8rover for \u00e5 f\u00e5 rikdom, \u00e6re og ber\u00f8mmelse"}]},{"@type":"WebSite","@id":"https:\/\/www.bunadformenn.info\/p\/#website","url":"https:\/\/www.bunadformenn.info\/p\/","name":"Bunad For Menn har podkast","description":"F\u00e5 tips og r\u00e5d om bunad til herre. La historiker Henning Kumle underholde deg med historie om opprinnelsen til bunaden.","potentialAction":[{"@type":"SearchAction","target":{"@type":"EntryPoint","urlTemplate":"https:\/\/www.bunadformenn.info\/p\/?s={search_term_string}"},"query-input":{"@type":"PropertyValueSpecification","valueRequired":true,"valueName":"search_term_string"}}],"inLanguage":"nb-NO"}]}},"_links":{"self":[{"href":"https:\/\/www.bunadformenn.info\/p\/wp-json\/wp\/v2\/podcast\/93","targetHints":{"allow":["GET"]}}],"collection":[{"href":"https:\/\/www.bunadformenn.info\/p\/wp-json\/wp\/v2\/podcast"}],"about":[{"href":"https:\/\/www.bunadformenn.info\/p\/wp-json\/wp\/v2\/types\/podcast"}],"author":[{"embeddable":true,"href":"https:\/\/www.bunadformenn.info\/p\/wp-json\/wp\/v2\/users\/1"}],"replies":[{"embeddable":true,"href":"https:\/\/www.bunadformenn.info\/p\/wp-json\/wp\/v2\/comments?post=93"}],"wp:featuredmedia":[{"embeddable":true,"href":"https:\/\/www.bunadformenn.info\/p\/wp-json\/wp\/v2\/media\/95"}],"wp:attachment":[{"href":"https:\/\/www.bunadformenn.info\/p\/wp-json\/wp\/v2\/media?parent=93"}],"wp:term":[{"taxonomy":"post_tag","embeddable":true,"href":"https:\/\/www.bunadformenn.info\/p\/wp-json\/wp\/v2\/tags?post=93"},{"taxonomy":"series","embeddable":true,"href":"https:\/\/www.bunadformenn.info\/p\/wp-json\/wp\/v2\/series?post=93"},{"taxonomy":"speaker","embeddable":true,"href":"https:\/\/www.bunadformenn.info\/p\/wp-json\/wp\/v2\/speaker?post=93"}],"curies":[{"name":"wp","href":"https:\/\/api.w.org\/{rel}","templated":true}]}}